{"id":4443,"date":"2021-02-06T08:34:21","date_gmt":"2021-02-06T07:34:21","guid":{"rendered":"https:\/\/autistischen-kindern-bruecken-bauen.de\/?page_id=4443"},"modified":"2026-03-18T19:31:18","modified_gmt":"2026-03-18T18:31:18","slug":"supervision","status":"publish","type":"page","link":"https:\/\/janert.info\/en\/supervision\/","title":{"rendered":"Supervision"},"content":{"rendered":"<p>[et_pb_section fb_built=&#8220;1&#8243; admin_label=&#8220;Hero Section&#8220; _builder_version=&#8220;4.16&#8243; background_color=&#8220;#05896a&#8220; use_background_color_gradient=&#8220;on&#8220; background_color_gradient_direction=&#8220;1deg&#8220; background_color_gradient_stops=&#8220;#0fa3ae 0%|#0fa3ae 0%&#8220; background_color_gradient_start=&#8220;#0fa3ae&#8220; background_color_gradient_end=&#8220;#0fa3ae&#8220; background_color_gradient_end_position=&#8220;0%&#8220; custom_padding=&#8220;0||0||true|false&#8220; animation_direction=&#8220;top&#8220; box_shadow_style=&#8220;preset7&#8243; box_shadow_horizontal=&#8220;0px&#8220; box_shadow_vertical=&#8220;-120px&#8220; box_shadow_color=&#8220;#ffffff&#8220; locked=&#8220;off&#8220; global_colors_info=&#8220;{}&#8220;][et_pb_row column_structure=&#8220;1_2,1_2&#8243; _builder_version=&#8220;4.16&#8243; background_size=&#8220;initial&#8220; background_position=&#8220;top_left&#8220; background_repeat=&#8220;repeat&#8220; custom_margin=&#8220;0px|||&#8220; custom_padding=&#8220;10px|0px|18px|0px|false|false&#8220; custom_width_px=&#8220;1440px&#8220; global_colors_info=&#8220;{}&#8220;][et_pb_column type=&#8220;1_2&#8243; _builder_version=&#8220;4.16&#8243; custom_padding=&#8220;||1px|&#8220; global_colors_info=&#8220;{}&#8220; custom_padding__hover=&#8220;|||&#8220;][et_pb_text _builder_version=&#8220;4.16&#8243; text_font=&#8220;||||||||&#8220; header_font=&#8220;Yanone Kaffeesatz||||||||&#8220; header_text_color=&#8220;#fbd302&#8243; header_font_size=&#8220;58px&#8220; header_line_height=&#8220;1.5em&#8220; header_2_font=&#8220;||||||||&#8220; header_3_font=&#8220;||||||||&#8220; header_4_font=&#8220;||||||||&#8220; header_5_font=&#8220;||||||||&#8220; header_6_font=&#8220;||||||||&#8220; background_color=&#8220;rgba(255,255,255,0)&#8220; background_size=&#8220;initial&#8220; background_position=&#8220;top_left&#8220; background_repeat=&#8220;repeat&#8220; custom_margin=&#8220;||6px|&#8220; locked=&#8220;off&#8220; inline_fonts=&#8220;Yanone Kaffeesatz&#8220; global_colors_info=&#8220;{}&#8220;]<\/p>\n<h1><\/h1>\n<p>&nbsp;<\/p>\n<p>&nbsp;<\/p>\n<h1>Supervisionsgruppen<\/h1>\n<h1><\/h1>\n<p>[\/et_pb_text][et_pb_divider show_divider=&#8220;off&#8220; disabled_on=&#8220;on|on|off&#8220; _builder_version=&#8220;4.16&#8243; max_width=&#8220;80px&#8220; module_alignment=&#8220;left&#8220; height=&#8220;10px&#8220; custom_margin=&#8220;||20px|&#8220; animation_style=&#8220;slide&#8220; animation_direction=&#8220;bottom&#8220; saved_tabs=&#8220;all&#8220; locked=&#8220;off&#8220; global_colors_info=&#8220;{}&#8220;][\/et_pb_divider][et_pb_button button_url=&#8220;https:\/\/janert.info\/wp-content\/uploads\/2021\/10\/Videoprotokoll-SJ-DIRFloortime.pdf&#8220; button_text=&#8220;Videoprotokoll &#8211; hier zum Download&#8220; _builder_version=&#8220;4.16&#8243; _module_preset=&#8220;default&#8220; global_colors_info=&#8220;{}&#8220;][\/et_pb_button][et_pb_text _builder_version=&#8220;4.27.2&#8243; text_font=&#8220;Poppins||||||||&#8220; text_text_color=&#8220;rgba(255,255,255,0.8)&#8220; header_font=&#8220;||||||||&#8220; locked=&#8220;off&#8220; global_colors_info=&#8220;{}&#8220;][\/et_pb_text][\/et_pb_column][et_pb_column type=&#8220;1_2&#8243; _builder_version=&#8220;4.16&#8243; custom_padding=&#8220;2px|||&#8220; global_colors_info=&#8220;{}&#8220; custom_padding__hover=&#8220;|||&#8220;][et_pb_image src=&#8220;https:\/\/janert.info\/wp-content\/uploads\/2021\/05\/figure-3237653_1920.jpg&#8220; title_text=&#8220;figure-3237653_1920&#8243; force_fullwidth=&#8220;on&#8220; _builder_version=&#8220;4.16.0&#8243; custom_margin=&#8220;|||&#8220; custom_padding=&#8220;|||&#8220; animation_style=&#8220;slide&#8220; animation_direction=&#8220;top&#8220; animation_intensity_slide=&#8220;6%&#8220; animation_starting_opacity=&#8220;100%&#8220; box_shadow_style=&#8220;preset1&#8243; box_shadow_vertical=&#8220;10px&#8220; box_shadow_blur=&#8220;100px&#8220; box_shadow_color=&#8220;rgba(0,0,0,0.2)&#8220; always_center_on_mobile=&#8220;off&#8220; global_colors_info=&#8220;{}&#8220;][\/et_pb_image][et_pb_button button_url=&#8220;\/supervisionsgruppe\/#go&#8220; button_text=&#8220;WARTELISTE: Supervisionsgruppe. Hier eintragen&#8220; disabled_on=&#8220;off|off|off&#8220; _builder_version=&#8220;4.27.6&#8243; _module_preset=&#8220;default&#8220; custom_button=&#8220;on&#8220; button_bg_color=&#8220;#FBD302&#8243; button_border_color=&#8220;#FBD302&#8243; button_font=&#8220;||||||||&#8220; custom_margin=&#8220;-24px||6px||false|false&#8220; custom_padding=&#8220;||0px||false|false&#8220; hover_enabled=&#8220;0&#8243; global_colors_info=&#8220;{}&#8220; theme_builder_area=&#8220;post_content&#8220; button_alignment=&#8220;center&#8220; sticky_enabled=&#8220;0&#8243;][\/et_pb_button][\/et_pb_column][\/et_pb_row][\/et_pb_section][et_pb_section fb_built=&#8220;1&#8243; _builder_version=&#8220;4.16&#8243; custom_padding=&#8220;3px||32px|||&#8220; global_colors_info=&#8220;{}&#8220;][et_pb_row _builder_version=&#8220;4.16&#8243; _module_preset=&#8220;default&#8220; custom_padding=&#8220;17px|||||&#8220; global_colors_info=&#8220;{}&#8220;][et_pb_column type=&#8220;4_4&#8243; _builder_version=&#8220;4.16&#8243; _module_preset=&#8220;default&#8220; global_colors_info=&#8220;{}&#8220;][et_pb_text _builder_version=&#8220;4.16&#8243; _module_preset=&#8220;default&#8220; global_colors_info=&#8220;{}&#8220;]<\/p>\n<h2>Reflektive Supervision<\/h2>\n<p>Supervision erm\u00f6glicht Einzelpersonen, Teams und Gruppen ihre berufsbezogenen Haltungen und Vorgehensweisen zu reflektieren, um wirkungsvoll neue M\u00f6glichkeiten des Denkens, Handelns und Lernens zu entwickeln.\u00a0Dieser reflektive Austausch f\u00f6rdert die berufliche Identit\u00e4ts- und Rollenentwicklung, und\u00a0kann sowohl 1-1 als auch in Supervisionsgruppen oder Supervisionstagen stattfinden.\u00a0<\/p>\n<p>Reflektive Supervision ist ein fundamentaler Bestandteil einer beziehungsorientierten Arbeitsweise, die Gef\u00fchle, Emotionen und Affekt im Zentrum menschlicher Entwicklung sieht, wie in DIRFloortime, personenzentrierten oder psychotherapeutischen Ans\u00e4tzen. Wir brauchen den Austausch miteinander, um uns der eigenen (unbewu\u00dften) Gef\u00fchle sowie der emotionalen Intentionen und Blockaden unserer Klienten bewu\u00dft werden und angemessen auf die jeweilige individuelle Situation eingehen zu k\u00f6nnen.<\/p>\n<p>[\/et_pb_text][\/et_pb_column][\/et_pb_row][et_pb_row _builder_version=&#8220;4.16&#8243; custom_padding=&#8220;36px|0px|0|0px|false|false&#8220; global_colors_info=&#8220;{}&#8220;][et_pb_column type=&#8220;4_4&#8243; _builder_version=&#8220;4.16&#8243; custom_padding=&#8220;|||&#8220; global_colors_info=&#8220;{}&#8220; custom_padding__hover=&#8220;|||&#8220;][et_pb_text _builder_version=&#8220;4.16&#8243; header_2_text_color=&#8220;#35b0b0&#8243; custom_margin=&#8220;||-1px|||&#8220; global_colors_info=&#8220;{}&#8220;]<\/p>\n<h2 style=\"text-align: left;\">Du bist in meinen Supervisionen richtig, wenn du<\/h2>\n<p>[\/et_pb_text][et_pb_blurb use_icon=&#8220;on&#8220; font_icon=&#8220;&#x45;||divi||400&#8243; icon_placement=&#8220;left&#8220; content_max_width=&#8220;1100px&#8220; _builder_version=&#8220;4.16&#8243; custom_margin=&#8220;5px||0px||false|false&#8220; global_colors_info=&#8220;{}&#8220;]<\/p>\n<p>bei der Benutzung des DIRFloortime Modells und der FEDLs sicherer werden m\u00f6chtest<\/p>\n<p>[\/et_pb_blurb][et_pb_blurb use_icon=&#8220;on&#8220; font_icon=&#8220;&#x45;||divi||400&#8243; icon_placement=&#8220;left&#8220; content_max_width=&#8220;1100px&#8220; _builder_version=&#8220;4.16&#8243; custom_margin=&#8220;5px||0px||false|false&#8220; global_colors_info=&#8220;{}&#8220;]<\/p>\n<p>dich fragst, wie man der F\u00fchrung des Kindes folgt und ihm gleichzeitig, die Entwicklungsleiter hoch hilft<\/p>\n<p>[\/et_pb_blurb][et_pb_blurb use_icon=&#8220;on&#8220; font_icon=&#8220;&#x45;||divi||400&#8243; icon_placement=&#8220;left&#8220; content_max_width=&#8220;1100px&#8220; _builder_version=&#8220;4.16&#8243; custom_margin=&#8220;5px||0px||false|false&#8220; global_colors_info=&#8220;{}&#8220;]<\/p>\n<p>lernen willst, wie du die FEDLs deiner Kinder\/Klienten richtig einsch\u00e4tzt<\/p>\n<p>[\/et_pb_blurb][et_pb_blurb use_icon=&#8220;on&#8220; font_icon=&#8220;&#x45;||divi||400&#8243; icon_placement=&#8220;left&#8220; content_max_width=&#8220;1100px&#8220; _builder_version=&#8220;4.16&#8243; custom_margin=&#8220;5px||0px||false|false&#8220; global_colors_info=&#8220;{}&#8220;]<\/p>\n<p>Interventionen spielerisch gestalten lernen willst, um auf der richtigen FEDL zu spielen, so da\u00df alle Spa\u00df miteinander haben<\/p>\n<p>[\/et_pb_blurb][et_pb_blurb use_icon=&#8220;on&#8220; font_icon=&#8220;&#x45;||divi||400&#8243; icon_placement=&#8220;left&#8220; content_max_width=&#8220;1100px&#8220; _builder_version=&#8220;4.16&#8243; custom_margin=&#8220;5px||0px||false|false&#8220; global_colors_info=&#8220;{}&#8220;]<\/p>\n<p>nach Ideen f\u00fcr hilfreiche Spielaktivit\u00e4ten, Spielmaterialien, Techniken und Strategien suchst<\/p>\n<p>[\/et_pb_blurb][et_pb_blurb use_icon=&#8220;on&#8220; font_icon=&#8220;&#x45;||divi||400&#8243; icon_placement=&#8220;left&#8220; content_max_width=&#8220;1100px&#8220; _builder_version=&#8220;4.16&#8243; custom_margin=&#8220;5px||0px||false|false&#8220; global_colors_info=&#8220;{}&#8220;]<\/p>\n<p>dich \u00fcber Praxisbeispiele und Vorgehensweisen austauschen willst<\/p>\n<p>[\/et_pb_blurb][et_pb_blurb use_icon=&#8220;on&#8220; font_icon=&#8220;&#x45;||divi||400&#8243; icon_placement=&#8220;left&#8220; content_max_width=&#8220;1100px&#8220; _builder_version=&#8220;4.16&#8243; custom_margin=&#8220;5px||0px||false|false&#8220; global_colors_info=&#8220;{}&#8220;]<\/p>\n<p>einen Ansprechpartner suchst, mit dem du deine Erfahrungen und Herausforderungen besprechen kannst<\/p>\n<p>[\/et_pb_blurb][et_pb_blurb use_icon=&#8220;on&#8220; font_icon=&#8220;&#x45;||divi||400&#8243; icon_placement=&#8220;left&#8220; content_max_width=&#8220;1100px&#8220; _builder_version=&#8220;4.16&#8243; custom_margin=&#8220;5px||0px||false|false&#8220; global_colors_info=&#8220;{}&#8220;]<\/p>\n<p>komplexe Familiensituationen oder autistische\/schwierige Verhaltensweisen besser verstehen m\u00f6chtest<\/p>\n<p>[\/et_pb_blurb][et_pb_blurb use_icon=&#8220;on&#8220; font_icon=&#8220;&#x45;||divi||400&#8243; icon_placement=&#8220;left&#8220; content_max_width=&#8220;1100px&#8220; _builder_version=&#8220;4.16&#8243; custom_margin=&#8220;5px||0px||false|false&#8220; global_colors_info=&#8220;{}&#8220;]<\/p>\n<p><a href=\"\/floortime-2\/\" target=\"_blank\" rel=\"noopener noreferrer\">DIRFloortime<\/a> und die <a href=\"\/die-waldon-methode\/\" target=\"_blank\" rel=\"noopener noreferrer\">Waldon Methode<\/a> in der Praxis noch besser verstehen und anwenden willst<\/p>\n<p>[\/et_pb_blurb][et_pb_blurb use_icon=&#8220;on&#8220; font_icon=&#8220;&#x45;||divi||400&#8243; icon_placement=&#8220;left&#8220; content_max_width=&#8220;1100px&#8220; _builder_version=&#8220;4.16&#8243; custom_margin=&#8220;5px||0px||false|false&#8220; global_colors_info=&#8220;{}&#8220;]<\/p>\n<p>\u00fcber Autismus und Diagnosen nachdenkst und\u00a0neue Perspektiven suchst, um ein Kind besser zu verstehen<\/p>\n<p>[\/et_pb_blurb][\/et_pb_column][\/et_pb_row][\/et_pb_section][et_pb_section fb_built=&#8220;1&#8243; _builder_version=&#8220;4.16&#8243; custom_padding=&#8220;0|0px|5px|0px|false|false&#8220; global_colors_info=&#8220;{}&#8220;][et_pb_row column_structure=&#8220;1_3,1_3,1_3&#8243; _builder_version=&#8220;4.16&#8243; custom_padding=&#8220;||35px|||&#8220; global_colors_info=&#8220;{}&#8220;][et_pb_column type=&#8220;1_3&#8243; _builder_version=&#8220;4.16&#8243; custom_padding=&#8220;20px|20px|20px|20px|true|true&#8220; box_shadow_style=&#8220;preset1&#8243; global_colors_info=&#8220;{}&#8220;][et_pb_blurb title=&#8220;Supervisionsgruppe&#8220; image=&#8220;https:\/\/janert.info\/wp-content\/uploads\/2021\/05\/problem-860227_1920.jpg&#8220; _builder_version=&#8220;4.19.4&#8243; header_text_align=&#8220;center&#8220; header_text_color=&#8220;#35b0b0&#8243; header_font_size=&#8220;24px&#8220; header_letter_spacing=&#8220;1px&#8220; body_font_size=&#8220;17px&#8220; min_height=&#8220;885.8px&#8220; custom_padding=&#8220;||1px|5px||&#8220; box_shadow_style_image=&#8220;preset1&#8243; global_colors_info=&#8220;{}&#8220;]<\/p>\n<ul>\n<li><strong>F\u00fcr<\/strong> Fachkr\u00e4fte aus Heilp\u00e4dagogik, Ergotherapie, Fr\u00fchf\u00f6rderung, Logop\u00e4die, SPZ, Kindergarten, Schule, Autismuszentren,\u00a0 u.a.<\/li>\n<\/ul>\n<p><strong style=\"font-size: 17px;\">Umfang:<\/strong><\/p>\n<ul>\n<li><span style=\"font-size: 17px;\">7-8 x 2 <\/span><span style=\"font-size: 17px;\">Stunden (online)<\/span><\/li>\n<li>2-4 Treffen im Monat<span style=\"font-size: 17px;\"><\/span><\/li>\n<li>7-8 TeilnehmerInnen<\/li>\n<li>2 Fallpr\u00e4sentationen\/TN<\/li>\n<\/ul>\n<p><strong style=\"font-size: 17px;\">Voraussetzung:<\/strong><\/p>\n<ul>\n<li><span style=\"font-size: 17px;\">101 DIRFloortime Introkurs<\/span><\/li>\n<li>beziehungsorientierte Haltung<\/li>\n<li>Interesse an Selbstreflektion<\/li>\n<\/ul>\n<p><strong style=\"font-size: 17px;\">Zielsetzung:<\/strong><\/p>\n<ul>\n<li>Vorbereitung f\u00fcr ICDL-Kurse 201, 202, 203<\/li>\n<li>Reflektionsf\u00e4higkeit entwickeln<\/li>\n<li>Tieferes Verst\u00e4ndnis von Verhalten &amp; psychischen Prozessen<\/li>\n<li>DIRFloortimepraxis \u00fcben<\/li>\n<li>Waldon Methode<\/li>\n<li>Austausch mit KollegInnen<\/li>\n<li><span style=\"font-size: 17px;\">Literaturempfehlungen<\/span><\/li>\n<\/ul>\n<p><span style=\"font-size: 17px;\"><\/span><\/p>\n<p>[\/et_pb_blurb][et_pb_button button_url=&#8220;https:\/\/janert.info\/supervisionsgruppe\/&#8220; button_text=&#8220;N\u00e4chste Supervisionsgruppe&#8220; button_alignment=&#8220;center&#8220; _builder_version=&#8220;4.19.5&#8243; _module_preset=&#8220;default&#8220; custom_button=&#8220;on&#8220; button_text_color=&#8220;#35B0B0&#8243; button_bg_color=&#8220;#FBD302&#8243; button_border_color=&#8220;#FBD302&#8243; button_font=&#8220;||||||||&#8220; custom_margin=&#8220;||-3px|||&#8220; global_colors_info=&#8220;{}&#8220;][\/et_pb_button][et_pb_text _builder_version=&#8220;4.27.6&#8243; _module_preset=&#8220;default&#8220; global_colors_info=&#8220;{}&#8220;][\/et_pb_text][\/et_pb_column][et_pb_column type=&#8220;1_3&#8243; _builder_version=&#8220;4.16&#8243; custom_padding=&#8220;20px|20px|20px|20px|true|true&#8220; box_shadow_style=&#8220;preset1&#8243; global_colors_info=&#8220;{}&#8220;][et_pb_blurb title=&#8220;1-1 Mentoring&#8220; image=&#8220;https:\/\/janert.info\/wp-content\/uploads\/2021\/05\/solution-860229_1920.jpg&#8220; _builder_version=&#8220;4.19.5&#8243; header_text_align=&#8220;center&#8220; header_text_color=&#8220;#35b0b0&#8243; header_font_size=&#8220;24px&#8220; header_letter_spacing=&#8220;1px&#8220; body_font_size=&#8220;17px&#8220; min_height=&#8220;885.8px&#8220; custom_padding=&#8220;||1px|||&#8220; box_shadow_style_image=&#8220;preset1&#8243; global_colors_info=&#8220;{}&#8220;]<\/p>\n<ul>\n<li><strong>F\u00fcr<\/strong> <span style=\"font-size: 17px;\">Fachpersonen, die ein tieferes Verst\u00e4ndnis und individuelle Begleitung suchen, um die eigenen Therapiekompetenzen intensiv, selbst-verantwortlich und flexibel zu entwickeln<\/span><\/li>\n<\/ul>\n<p><b style=\"font-size: 17px;\">Umfang:<\/b><b><\/b><\/p>\n<ul>\n<li><span style=\"font-size: 17px;\">Einf\u00fchlsames 1-1 Coaching <\/span>zu individuellen F\u00e4llen &amp; Fragen<\/li>\n<li><span style=\"font-size: 17px;\">2 zoom-Beratungen\/ Monat\u00a0<\/span><\/li>\n<li>kostenfreier Zugang zu Onlinekursen &amp;\u00a0 Webinaren<\/li>\n<li>Begleitung re Selbst\u00e4ndigkeit<\/li>\n<\/ul>\n<p><strong>Voraussetzung:<\/strong><\/p>\n<ul>\n<li>beziehungsorientierte und kindzentrierte Haltung<\/li>\n<li>Interesse an emotionaler Entwicklung &amp; Gef\u00fchlen<\/li>\n<li>Selbstreflektionsf\u00e4higkeit<\/li>\n<\/ul>\n<p><span><strong>Zielsetzung:<\/strong><\/span><\/p>\n<ul>\n<li><span>Individuelles Coaching zu <\/span><span>individuellen Themen,<\/span> z.B. Essen, Toilettentraining,\u00a0 Schlafen, Verhalten, Autismus<\/li>\n<li>DIRFloortime &amp; Waldon Methode in der Praxis \u00fcben<span><\/span><\/li>\n<li><span>Vor- und Nachbereitung von ICDL-Kursen 201, 202, 203<\/span><\/li>\n<li><span style=\"font-size: 17px;\">Literaturempfehlungen<\/span><\/li>\n<\/ul>\n<p><span style=\"font-size: 17px;\"><\/span><\/p>\n<p>[\/et_pb_blurb][et_pb_button button_url=&#8220;https:\/\/janert.info\/1-1-mentoring\/&#8220; button_text=&#8220;Mehr Info HIER&#8220; button_alignment=&#8220;center&#8220; _builder_version=&#8220;4.16.0&#8243; _module_preset=&#8220;default&#8220; custom_button=&#8220;on&#8220; button_text_color=&#8220;#35B0B0&#8243; button_bg_color=&#8220;#FBD302&#8243; button_border_color=&#8220;#FBD302&#8243; button_font=&#8220;||||||||&#8220; global_colors_info=&#8220;{}&#8220;][\/et_pb_button][\/et_pb_column][et_pb_column type=&#8220;1_3&#8243; _builder_version=&#8220;4.16&#8243; custom_padding=&#8220;20px|20px|20px|20px|true|true&#8220; box_shadow_style=&#8220;preset1&#8243; global_colors_info=&#8220;{}&#8220;][et_pb_blurb title=&#8220;Supervisionstage &#038; Fallbesprechungen&#8220; image=&#8220;https:\/\/janert.info\/wp-content\/uploads\/2021\/05\/lecture-1847848_1920.jpg&#8220; _builder_version=&#8220;4.19.5&#8243; header_text_align=&#8220;center&#8220; header_text_color=&#8220;#35b0b0&#8243; header_font_size=&#8220;24px&#8220; header_letter_spacing=&#8220;1px&#8220; body_font_size=&#8220;17px&#8220; width=&#8220;100%&#8220; min_height=&#8220;885.8px&#8220; custom_padding=&#8220;||1px|||&#8220; border_color_all=&#8220;#FFFFFF&#8220; box_shadow_style_image=&#8220;preset1&#8243; image_max_width=&#8220;88%&#8220; global_colors_info=&#8220;{}&#8220;]<\/p>\n<ul>\n<li><strong>F\u00fcr<\/strong> Einrichtungen, die Gruppensupervision und Coaching f\u00fcr ihr Team suchen<strong style=\"font-size: 17px;\"><\/strong><\/li>\n<\/ul>\n<p><strong style=\"font-size: 17px;\">Umfang:<\/strong><strong style=\"font-size: 17px;\"><\/strong><\/p>\n<ul>\n<li><span style=\"font-size: 17px;\">Zeitraum: 1-2 Tage<\/span><\/li>\n<li><span style=\"font-size: 17px;\">5-6\u00a0 Stunden\/ Tag (vor Ort oder online)<\/span><\/li>\n<li><span style=\"font-size: 17px;\">Fallbesprechungen, auch mit Videoanalyse<\/span><\/li>\n<li>Master-class Beratung mit Kind\/Familie und KollegIn (vor Ort)<\/li>\n<\/ul>\n<p><strong style=\"font-size: 17px;\">Voraussetzung:<\/strong><\/p>\n<ul>\n<li><span style=\"font-size: 17px;\">DIRFloortime Einf\u00fchrungskurs (101)<\/span><\/li>\n<li>beziehungsorientierte Haltung<\/li>\n<\/ul>\n<p><span><strong>M\u00f6gliche Zielsetzungen:<\/strong><\/span><\/p>\n<ul>\n<li>Teamberatung<\/li>\n<li>Kollegiale Beratung mit Eltern und Kind vor Ort<\/li>\n<li>Einsch\u00e4tzung re DIRFloortime<\/li>\n<li>Waldon Methode:\u00a0Aktivit\u00e4ten &amp; Spielmaterialien<\/li>\n<li>Familiendynamische Einsch\u00e4tzung<\/li>\n<\/ul>\n<p>[\/et_pb_blurb][et_pb_button button_url=&#8220;\/kontakt&#8220; button_text=&#8220;Anfrage re Supervisionstage&#8220; button_alignment=&#8220;center&#8220; _builder_version=&#8220;4.16.0&#8243; custom_button=&#8220;on&#8220; button_text_color=&#8220;#35B0B0&#8243; button_bg_color=&#8220;#FBD302&#8243; button_border_color=&#8220;#FBD302&#8243; button_font=&#8220;||||||||&#8220; global_colors_info=&#8220;{}&#8220;][\/et_pb_button][\/et_pb_column][\/et_pb_row][et_pb_row column_structure=&#8220;1_2,1_2&#8243; _builder_version=&#8220;4.16&#8243; global_colors_info=&#8220;{}&#8220;][et_pb_column type=&#8220;1_2&#8243; _builder_version=&#8220;4.16&#8243; global_colors_info=&#8220;{}&#8220;][et_pb_text _builder_version=&#8220;4.16&#8243; text_font=&#8220;||||||||&#8220; text_line_height=&#8220;1.6em&#8220; custom_padding=&#8220;30px|30px|30px|30px|true|true&#8220; box_shadow_style=&#8220;preset1&#8243; global_colors_info=&#8220;{}&#8220;]<\/p>\n<p><strong><img loading=\"lazy\" decoding=\"async\" src=\"https:\/\/janert.info\/wp-content\/uploads\/2019\/05\/AKBBFavicon-300x300.png\" alt=\"Autistischen Kindern Bruecken Bauen\" class=\"wp-image-3051 alignnone size-medium\" width=\"67\" height=\"67\" srcset=\"https:\/\/janert.info\/wp-content\/uploads\/2019\/05\/AKBBFavicon-300x300.png 300w, https:\/\/janert.info\/wp-content\/uploads\/2019\/05\/AKBBFavicon-150x150.png 150w, https:\/\/janert.info\/wp-content\/uploads\/2019\/05\/AKBBFavicon.png 512w\" sizes=\"(max-width: 67px) 100vw, 67px\" \/>\u00a0&#8222;<em> Ideen f\u00fcr die Therapiegestaltung<\/em><\/strong><em><strong>&#8222;<\/strong><\/em><\/p>\n<p><em>&#8222;<em style=\"font-size: 16px;\">Ich w\u00fcnschte, ich h\u00e4tte die Supervisionsgruppe VOR dem n\u00e4chsten ICDL-Kurs gemacht. Denn DIRFloortime<\/em> ist nicht einfach eine Methode, die man anwendet oder nicht, sondern <\/em><em style=\"font-size: 16px;\">\u00f6ffnet einem neue Perspektiven in der Arbeit mit Kindern (unabh\u00e4ngig von Diagnosen). Durch das videogest\u00fctzte Format bekommet man sehr, sehr viele ganz konkrete Ideen f\u00fcr die Therapiegestaltung.<\/em><em style=\"font-size: 16px;\">&#8220;\u00a0<\/em><\/p>\n<p><span style=\"color: #0fa3ae;\"><strong>Anneliese Fischer, Heilp\u00e4dagogin<\/strong><\/span><\/p>\n<p>[\/et_pb_text][\/et_pb_column][et_pb_column type=&#8220;1_2&#8243; _builder_version=&#8220;4.16&#8243; global_colors_info=&#8220;{}&#8220;][et_pb_text _builder_version=&#8220;4.16&#8243; text_font=&#8220;||||||||&#8220; text_line_height=&#8220;1.6em&#8220; custom_padding=&#8220;30px|30px|30px|30px|true|true&#8220; box_shadow_style=&#8220;preset1&#8243; global_colors_info=&#8220;{}&#8220;]<\/p>\n<p><strong><img loading=\"lazy\" decoding=\"async\" src=\"https:\/\/janert.info\/wp-content\/uploads\/2019\/05\/AKBBFavicon-300x300.png\" alt=\"Autistischen Kindern Bruecken Bauen\" class=\"wp-image-3051 alignnone size-medium\" width=\"67\" height=\"67\" srcset=\"https:\/\/janert.info\/wp-content\/uploads\/2019\/05\/AKBBFavicon-300x300.png 300w, https:\/\/janert.info\/wp-content\/uploads\/2019\/05\/AKBBFavicon-150x150.png 150w, https:\/\/janert.info\/wp-content\/uploads\/2019\/05\/AKBBFavicon.png 512w\" sizes=\"(max-width: 67px) 100vw, 67px\" \/>\u00a0&#8222;Austausch mit KollegInnen<\/strong><em><strong>&#8222;<\/strong><\/em><\/p>\n<p><em>&#8222;Mir hat gefallen, dass wir eine Gruppe aus den verschiedensten \u00a0Professionen sind, jeder bringt eine andere Berufs- und Hintergrunderfahrung mit, das online Format mit den fast w\u00f6chentlichen zoomstunden fand ich sehr bereichernd und notwendig um Unterst\u00fctzung und Austausch f\u00fcr dieses Therapiekonzept zu erfahren \u00a0und nicht allein \u201eHerumwurschteln\u201c zu m\u00fcssen&#8220;\u00a0<\/em><\/p>\n<p><span style=\"color: #0fa3ae;\"><strong>Doris Schwarzmann, Ergotherapeutin<\/strong><\/span><\/p>\n<p>[\/et_pb_text][\/et_pb_column][\/et_pb_row][et_pb_row column_structure=&#8220;1_2,1_2&#8243; _builder_version=&#8220;4.16&#8243; custom_margin=&#8220;||||false|false&#8220; custom_padding=&#8220;||0px|||&#8220; global_colors_info=&#8220;{}&#8220;][et_pb_column type=&#8220;1_2&#8243; _builder_version=&#8220;4.16&#8243; global_colors_info=&#8220;{}&#8220;][et_pb_text _builder_version=&#8220;4.19.5&#8243; header_2_text_color=&#8220;#35b0b0&#8243; custom_padding=&#8220;2px|||||&#8220; global_colors_info=&#8220;{}&#8220;]<\/p>\n<h2>In meinen Supervisionen erh\u00e4ltst du<\/h2>\n<p><strong><span style=\"font-family: inherit;\">Anregungen zu<\/span><\/strong><\/p>\n<ul>\n<li><span style=\"font-size: 16px;\"><\/span><a href=\"\/floortime-2\/\" target=\"_blank\" rel=\"noopener noreferrer\" style=\"font-size: 16px;\">DIRFloortime<\/a><span style=\"font-size: 16px;\"> Strategien, Techniken, Aktivit\u00e4ten<\/span><\/li>\n<li><span>Einsch\u00e4tzung von FEDL-Entwicklungskapazit\u00e4ten &amp; s<\/span>ensomotorischem Profil des Kindes<\/li>\n<li><a href=\"\/die-waldon-methode\/\" target=\"_blank\" rel=\"noopener noreferrer\">Waldon Methode<\/a>, z.T. mit zus\u00e4tzlichen Videobeispielen<\/li>\n<li><span style=\"font-size: 16px;\">Ideen f\u00fcr Spielmaterialien<\/span><\/li>\n<li>multidiszipli\u00e4rer Austausch mit KollegInnen<span style=\"font-size: 16px;\"><\/span><\/li>\n<li>Leseempfehlungen, Zugang zu relevanten Veranstaltungen<\/li>\n<\/ul>\n<p>[\/et_pb_text][\/et_pb_column][et_pb_column type=&#8220;1_2&#8243; _builder_version=&#8220;4.16&#8243; global_colors_info=&#8220;{}&#8220;][et_pb_text _builder_version=&#8220;4.16&#8243; header_2_text_color=&#8220;#35b0b0&#8243; min_height=&#8220;229px&#8220; custom_padding=&#8220;3px||0px|||&#8220; global_colors_info=&#8220;{}&#8220;]<\/p>\n<h2>M\u00f6gliche Diskussionsthemen<\/h2>\n<ul>\n<li><span style=\"font-size: 16px;\">autistisch-\u00e4hnliche Verhaltensweisen, Autismus<\/span><\/li>\n<li>Themen re Beziehungen, Bindung, Asperger Syndrom<\/li>\n<li>Verhalten, Grenzensetzen, Familiendynamik<\/li>\n<li><span style=\"font-size: 16px;\">Pers\u00f6nlichkeitsentwicklungsf\u00f6rderung<\/span><\/li>\n<li>Herausfordernde Verhaltensweisen<\/li>\n<li>eigene professionelle Unsicherheiten und Themen in gesch\u00fctztem Raum reflektieren und besprechen<\/li>\n<\/ul>\n<p>[\/et_pb_text][et_pb_button button_url=&#8220;https:\/\/janert.info\/kontakt\/&#8220; button_text=&#8220;Ich habe eine Frage re Supervision&#8220; _builder_version=&#8220;4.18.0&#8243; _module_preset=&#8220;default&#8220; custom_margin=&#8220;-35px|||||&#8220; global_colors_info=&#8220;{}&#8220;][\/et_pb_button][\/et_pb_column][\/et_pb_row][et_pb_row _builder_version=&#8220;4.23.4&#8243; _module_preset=&#8220;default&#8220; global_colors_info=&#8220;{}&#8220;][et_pb_column type=&#8220;4_4&#8243; _builder_version=&#8220;4.23.4&#8243; _module_preset=&#8220;default&#8220; global_colors_info=&#8220;{}&#8220;][et_pb_text _builder_version=&#8220;4.16&#8243; text_font=&#8220;||||||||&#8220; text_line_height=&#8220;1.6em&#8220; custom_padding=&#8220;30px|30px|30px|30px|true|true&#8220; box_shadow_style=&#8220;preset1&#8243; global_colors_info=&#8220;{}&#8220;]<\/p>\n<p><strong><img loading=\"lazy\" decoding=\"async\" src=\"https:\/\/janert.info\/wp-content\/uploads\/2019\/05\/AKBBFavicon-300x300.png\" alt=\"Autistischen Kindern Bruecken Bauen\" class=\"wp-image-3051 alignnone size-medium\" width=\"67\" height=\"67\" srcset=\"https:\/\/janert.info\/wp-content\/uploads\/2019\/05\/AKBBFavicon-300x300.png 300w, https:\/\/janert.info\/wp-content\/uploads\/2019\/05\/AKBBFavicon-150x150.png 150w, https:\/\/janert.info\/wp-content\/uploads\/2019\/05\/AKBBFavicon.png 512w\" sizes=\"(max-width: 67px) 100vw, 67px\" \/> &#8222;Ich habe mich in der Supervisionsgruppe sehr gut aufgehoben gef\u00fchlt<\/strong><em style=\"font-size: 16px;\"><strong>&#8222;<\/strong><\/em><\/p>\n<p><em>&#8222;<\/em>Mir hat an dieser Supervisionsgruppe die Zusammensetzung mit offenen warmherzigen und engagierten Menschen unterschiedlicher Professionen gefallen, der sehr unterst\u00fctzende und wertsch\u00e4tzende Umgang miteinander und bezogen auf die vorgestellten Kinder.<\/p>\n<p>Ich habe es sehr gesch\u00e4tzt, dass Du sehr \u201estraight\u201c, aber dann auch sehr \u201egr\u00fcndlich\u201c geschaut hast, was\u00a0 wir bzw. die Kinder, die wir begleiten, einbringen, evtl. \u00fcbersehen, aber auch, was schon da ist an Kontakt und Kommunikation.<\/p>\n<p>Ich habe mich sehr gut aufgehoben gef\u00fchlt, weil ich wusste, dass ich jede Frage einbringen kann und damit ernst genommen werde, und dass es spannende Ideen gibt, die ich ausprobieren kann. Das hat sich durch diese Supervisionsgruppe sehr stark durchgezogen. Auch Deine grunds\u00e4tzlich bedingungslos wertsch\u00e4tzende und unterst\u00fctzende Haltung gegen\u00fcber jedem von uns, aber besonders gegen\u00fcber den vorgestellten Kindern und ihrem Umfeld, ist einfach wohltuend und hilft mir sehr, so zu sein, wie ich bin, und so auch den Familien gegen\u00fcber zu treten, die mir noch so auf den Weg gestellt sind.&#8220;<em style=\"font-size: 16px;\">\u00a0<\/em><\/p>\n<p><span style=\"color: #0fa3ae;\"><strong>Anna Habimana, Diplomp\u00e4dagogin\/HPG Psychotherpeutin<\/strong><\/span><\/p>\n<p>[\/et_pb_text][\/et_pb_column][\/et_pb_row][et_pb_row module_id=&#8220;go&#8220; _builder_version=&#8220;4.19.5&#8243; _module_preset=&#8220;default&#8220; custom_padding=&#8220;20px|||||&#8220; global_colors_info=&#8220;{}&#8220;][et_pb_column type=&#8220;4_4&#8243; _builder_version=&#8220;4.19.5&#8243; _module_preset=&#8220;default&#8220; global_colors_info=&#8220;{}&#8220;][et_pb_text _builder_version=&#8220;4.23.4&#8243; _module_preset=&#8220;default&#8220; custom_padding=&#8220;7px||0px|||&#8220; global_colors_info=&#8220;{}&#8220;]<\/p>\n<h2 style=\"text-align: center;\">WARTELISTE f\u00fcr die n\u00e4chste Supervisionsgruppe:<\/h2>\n<p>Wer sich f\u00fcr eine Supervisionsgruppe interessierst, kann sich hier unverbindlich in die Warteliste eintragen. Sobald gen\u00fcgend Interesse besteht, werde ich Bescheid sagen und ein erstes Kennenlern- und Planungstreffen organisieren, um Zeiten, Wochentage und Termine zu besprechen und abzumachen. <strong>Voraussichtlich ist der Beginn der n\u00e4chsten Supervisionsgruppe April 2024.<\/strong><\/p>\n<p>[\/et_pb_text][et_pb_text _builder_version=&#8220;4.27.4&#8243; _module_preset=&#8220;default&#8220; display_conditions=&#8220;W10=&#8220; global_colors_info=&#8220;{}&#8220;]<\/p>\n<div class='fluentform ff-default fluentform_wrapper_8 ffs_default_wrap'><form data-form_id=\"8\" id=\"fluentform_8\" class=\"frm-fluent-form fluent_form_8 ff-el-form-top ff_form_instance_8_1 ff-form-loading ffs_default\" data-form_instance=\"ff_form_instance_8_1\" method=\"POST\" ><fieldset  style=\"border: none!important;margin: 0!important;padding: 0!important;background-color: transparent!important;box-shadow: none!important;outline: none!important; min-inline-size: 100%;\">\n                    <legend class=\"ff_screen_reader_title\" style=\"display: block; margin: 0!important;padding: 0!important;height: 0!important;text-indent: -999999px;width: 0!important;overflow:hidden;\">Warteliste Supervision<\/legend>        <div\n                style=\"display: none!important; position: absolute!important; transform: translateX(1000%)!important;\"\n                class=\"ff-el-group ff-hpsf-container\"\n        >\n            <div class=\"ff-el-input--label asterisk-right\">\n                <label for=\"ff_8_item_sf\" aria-label=\"Updates\">\n                    Updates                <\/label>\n            <\/div>\n            <div class=\"ff-el-input--content\">\n                <input type=\"text\"\n                       name=\"item_8__fluent_sf\"\n                       class=\"ff-el-form-control\"\n                       id=\"ff_8_item_sf\"\n                \/>\n            <\/div>\n        <\/div>\n                <input type=\"hidden\" id=\"__fluent_protection_token_8\" class=\"fluent-form-token-field\" name=\"__fluent_protection_token_8\">\n        <input type='hidden' name='__fluent_form_embded_post_id' value='4443' \/><input type=\"hidden\" id=\"_fluentform_8_fluentformnonce\" name=\"_fluentform_8_fluentformnonce\" value=\"36c9b1ce8b\" \/><input type=\"hidden\" name=\"_wp_http_referer\" value=\"\/en\/wp-json\/wp\/v2\/pages\/4443\" \/><div data-name=\"ff_cn_id_1\"  class='ff-t-container ff-column-container ff_columns_total_4 '><div class='ff-t-cell ff-t-column-1' style='flex-basis: 25%;'><div class='ff-el-group ff-el-form-hide_label'><div class=\"ff-el-input--label asterisk-right\"><label for='ff_8_input_text' id='label_ff_8_input_text' aria-label=\"Vorname\">Vorname<\/label><\/div><div class='ff-el-input--content'><input type=\"text\" name=\"input_text\" class=\"ff-el-form-control\" placeholder=\"Vorname\" data-name=\"input_text\" id=\"ff_8_input_text\"  aria-invalid=\"false\" aria-required=false><\/div><\/div><\/div><div class='ff-t-cell ff-t-column-2' style='flex-basis: 25%;'><div class='ff-el-group ff-el-form-hide_label'><div class=\"ff-el-input--label asterisk-right\"><label for='ff_8_input_text_1' id='label_ff_8_input_text_1' aria-label=\"Nachname\">Nachname<\/label><\/div><div class='ff-el-input--content'><input type=\"text\" name=\"input_text_1\" class=\"ff-el-form-control\" placeholder=\"Nachname\" data-name=\"input_text_1\" id=\"ff_8_input_text_1\"  aria-invalid=\"false\" aria-required=false><\/div><\/div><\/div><div class='ff-t-cell ff-t-column-3' style='flex-basis: 25%;'><div class='ff-el-group'><div class='ff-el-input--content'><input type=\"email\" name=\"email\" id=\"ff_8_email\" class=\"ff-el-form-control\" placeholder=\"E-Mail-Adresse\" data-name=\"email\"  aria-invalid=\"false\" aria-required=true><\/div><\/div><\/div><div class='ff-t-cell ff-t-column-4' style='flex-basis: 25%;'><div class='ff-el-group ff-text-left ff_submit_btn_wrapper ff_submit_btn_wrapper_custom'><button class=\"ff-btn ff-btn-submit ff-btn-lg ff_btn_style wpf_has_custom_css\" type=\"submit\" name=\"custom_submit_button-8_1\" data-name=\"custom_submit_button-8_1\"  aria-label=\"Ja, gerne\">Ja, gerne<\/button><style>form.fluent_form_8 .wpf_has_custom_css.ff-btn-submit { background-color:rgba(251, 211, 2, 1);border-color:rgba(251, 211, 2, 1);color:rgba(255, 255, 255, 1);border-radius:0px;min-width:100%; }form.fluent_form_8 .wpf_has_custom_css.ff-btn-submit:hover { background-color:#ffffff;border-color:rgba(251, 211, 2, 1);color:rgba(17, 16, 16, 1);min-width:100%; } <\/style><\/div><\/div><\/div><div class='ff-el-group  ff-custom_html' tabindex='-1' data-name=\"custom_html-8_2\" ><p>Weitere Infos zum Newsletterversand in der\u00a0<a class=\"\" href=\"https:\/\/janert.info\/datenschutzerklarung\/\" target=\"_blank\" rel=\"noopener\">Datenschutzerkl\u00e4rung<\/a>.<\/p><\/div><\/fieldset><\/form><div id='fluentform_8_errors' class='ff-errors-in-stack ff_form_instance_8_1 ff-form-loading_errors ff_form_instance_8_1_errors'><\/div><\/div>            <script type=\"text\/javascript\">\n                window.fluent_form_ff_form_instance_8_1 = {\"id\":\"8\",\"settings\":{\"layout\":{\"labelPlacement\":\"top\",\"helpMessagePlacement\":\"with_label\",\"errorMessagePlacement\":\"inline\"},\"restrictions\":{\"denyEmptySubmission\":{\"enabled\":false}}},\"form_instance\":\"ff_form_instance_8_1\",\"form_id_selector\":\"fluentform_8\",\"rules\":{\"input_text\":{\"required\":{\"value\":false,\"message\":\"Dieses Feld ist erforderlich\",\"global_message\":\"Dieses Feld ist erforderlich\",\"global\":true}},\"input_text_1\":{\"required\":{\"value\":false,\"message\":\"Dieses Feld ist erforderlich\",\"global_message\":\"Dieses Feld ist erforderlich\",\"global\":true}},\"email\":{\"required\":{\"value\":true,\"message\":\"Dieses Feld ist erforderlich\",\"global_message\":\"Dieses Feld ist erforderlich\",\"global\":true},\"email\":{\"value\":true,\"message\":\"Dieses Feld muss eine g\\u00fcltige E-Mail-Adresse enthalten\",\"global_message\":\"Dieses Feld muss eine g\\u00fcltige E-Mail-Adresse enthalten\",\"global\":true}}},\"debounce_time\":300};\n                            <\/script>\n            \n<p>[\/et_pb_text][\/et_pb_column][\/et_pb_row][\/et_pb_section][et_pb_section fb_built=&#8220;1&#8243; module_id=&#8220;talk&#8220; _builder_version=&#8220;4.16&#8243; background_color=&#8220;#f5f5f5&#8243; custom_padding=&#8220;0|0px|54px|0px|false|false&#8220; global_colors_info=&#8220;{}&#8220;][et_pb_row column_structure=&#8220;1_2,1_2&#8243; _builder_version=&#8220;4.16&#8243; global_colors_info=&#8220;{}&#8220;][et_pb_column type=&#8220;1_2&#8243; _builder_version=&#8220;4.16&#8243; global_colors_info=&#8220;{}&#8220;][et_pb_text _builder_version=&#8220;4.16&#8243; text_font=&#8220;||||||||&#8220; text_line_height=&#8220;1.6em&#8220; custom_padding=&#8220;30px|30px|30px|30px|true|true&#8220; box_shadow_style=&#8220;preset1&#8243; global_colors_info=&#8220;{}&#8220;]<\/p>\n<p><strong><img loading=\"lazy\" decoding=\"async\" src=\"https:\/\/janert.info\/wp-content\/uploads\/2019\/05\/AKBBFavicon-300x300.png\" alt=\"Autistischen Kindern Bruecken Bauen\" class=\"wp-image-3051 alignnone size-medium\" width=\"67\" height=\"67\" srcset=\"https:\/\/janert.info\/wp-content\/uploads\/2019\/05\/AKBBFavicon-300x300.png 300w, https:\/\/janert.info\/wp-content\/uploads\/2019\/05\/AKBBFavicon-150x150.png 150w, https:\/\/janert.info\/wp-content\/uploads\/2019\/05\/AKBBFavicon.png 512w\" sizes=\"(max-width: 67px) 100vw, 67px\" \/>\u00a0&#8222;Der Weg zum Ziel<\/strong><em><strong>&#8222;<\/strong><\/em><\/p>\n<p><em>&#8222;Die DIRFloortime Methode\u00a0hat mich in meinem Ansatz, die Kinder dort abzuholen, wo sie stehen und sie auf ihrer Reise durch die Welt (oder oft auch in die Welt) zu begleiten, best\u00e4tigt und best\u00e4rkt. Und mehr Wert auf die Beziehung und Motivation des Kindes zu legen. Was ich mir auch mitnehme, ist die Wahl der Spielmaterialien und dass man aus &#8222;so wenig&#8220; &#8222;so viel&#8220; machen kann. Auch, dass der Weg zum Ziel und der Dialog\u00a0und die Interaktion dabei wichtiger ist als das Ziel selbst. In meiner Arbeit m\u00f6chte ich Floortime nicht mehr missen.&#8220;\u00a0<\/em><\/p>\n<p><span style=\"color: #0fa3ae;\"><strong>Barbara Cidej, Individualbetreuung im Kindergarten<\/strong><\/span><\/p>\n<p>[\/et_pb_text][\/et_pb_column][et_pb_column type=&#8220;1_2&#8243; _builder_version=&#8220;4.16&#8243; global_colors_info=&#8220;{}&#8220;][et_pb_text _builder_version=&#8220;4.16&#8243; text_font=&#8220;||||||||&#8220; text_line_height=&#8220;1.6em&#8220; custom_padding=&#8220;30px|30px|30px|30px|true|true&#8220; box_shadow_style=&#8220;preset1&#8243; global_colors_info=&#8220;{}&#8220;]<\/p>\n<p><strong><img loading=\"lazy\" decoding=\"async\" src=\"https:\/\/janert.info\/wp-content\/uploads\/2019\/05\/AKBBFavicon-300x300.png\" alt=\"Autistischen Kindern Bruecken Bauen\" class=\"wp-image-3051 alignnone size-medium\" width=\"67\" height=\"67\" srcset=\"https:\/\/janert.info\/wp-content\/uploads\/2019\/05\/AKBBFavicon-300x300.png 300w, https:\/\/janert.info\/wp-content\/uploads\/2019\/05\/AKBBFavicon-150x150.png 150w, https:\/\/janert.info\/wp-content\/uploads\/2019\/05\/AKBBFavicon.png 512w\" sizes=\"(max-width: 67px) 100vw, 67px\" \/>\u00a0&#8222;Videoanalysen<\/strong><em><strong>&#8222;<\/strong><\/em><\/p>\n<p><em>&#8222;Die Videoanalysen a la DIRFloortime sind wirklich eine geniale M\u00f6glichkeit, die eigene Praxis zu erweitern und die Kinder sinnvoll einzusch\u00e4tzen und zu f\u00f6rdern.<\/em><em>&#8220;\u00a0<\/em><\/p>\n<p><span style=\"color: #0fa3ae;\"><strong>Udo Zappenheimer, Psychologe<\/strong><\/span><\/p>\n<p>[\/et_pb_text][et_pb_text _builder_version=&#8220;4.16&#8243; text_font=&#8220;||||||||&#8220; text_line_height=&#8220;1.6em&#8220; custom_padding=&#8220;30px|30px|30px|30px|true|true&#8220; box_shadow_style=&#8220;preset1&#8243; global_colors_info=&#8220;{}&#8220;]<\/p>\n<p><strong><em><img loading=\"lazy\" decoding=\"async\" src=\"https:\/\/janert.info\/wp-content\/uploads\/2019\/05\/AKBBFavicon-300x300.png\" alt=\"Autistischen Kindern Bruecken Bauen\" class=\"wp-image-3051 alignnone size-medium\" width=\"67\" height=\"67\" srcset=\"https:\/\/janert.info\/wp-content\/uploads\/2019\/05\/AKBBFavicon-300x300.png 300w, https:\/\/janert.info\/wp-content\/uploads\/2019\/05\/AKBBFavicon-150x150.png 150w, https:\/\/janert.info\/wp-content\/uploads\/2019\/05\/AKBBFavicon.png 512w\" sizes=\"(max-width: 67px) 100vw, 67px\" \/>\u00a0\u201eWie ein bunter Blumenstrau\u00df\u201c<\/em><\/strong><\/p>\n<p><em>\u201eDie Supervisionsgruppe\u00a0 ist f\u00fcr mich immer wie ein bunter Blumenstrau\u00df, den ich jedes Mal in meine Arbeit mit den Kindern mitnehme.<\/em><em style=\"font-size: 16px;\">\u201c<\/em><\/p>\n<p><strong><span style=\"color: #0fa3ae;\">Ines Hoch, Logop\u00e4din<\/span><\/strong><\/p>\n<p>[\/et_pb_text][\/et_pb_column][\/et_pb_row][et_pb_row _builder_version=&#8220;4.16.0&#8243; _module_preset=&#8220;default&#8220; global_colors_info=&#8220;{}&#8220;][et_pb_column type=&#8220;4_4&#8243; _builder_version=&#8220;4.16.0&#8243; _module_preset=&#8220;default&#8220; global_colors_info=&#8220;{}&#8220;][et_pb_blurb title=&#8220;Supervisionsgruppe f\u00fcr DIR-Kundige&#8220; disabled_on=&#8220;on|on|on&#8220; _builder_version=&#8220;4.16.0&#8243; header_text_align=&#8220;center&#8220; header_text_color=&#8220;#35b0b0&#8243; header_font_size=&#8220;24px&#8220; header_letter_spacing=&#8220;1px&#8220; body_font_size=&#8220;17px&#8220; custom_padding=&#8220;||1px|||&#8220; box_shadow_style_image=&#8220;preset1&#8243; disabled=&#8220;on&#8220; global_colors_info=&#8220;{}&#8220;]<\/p>\n<p><strong style=\"font-size: 17px;\">Umfang:<\/strong><\/p>\n<ul>\n<li><span style=\"font-size: 17px;\">8 x 2 Stunden\/ Jahr <\/span><span style=\"font-size: 17px;\">(online)<\/span><\/li>\n<li>6-8 TeilnehmerInnen<\/li>\n<li>Fallpr\u00e4sentationen<\/li>\n<li>Diskussionen zu relevanten Themen\/ Problemen<\/li>\n<\/ul>\n<p><strong style=\"font-size: 17px;\">Voraussetzung:<\/strong><\/p>\n<ul>\n<li><span style=\"font-size: 17px;\">201 DIRFloortime Introkurs<\/span><\/li>\n<li>Teilnahme an 1-2 INTENSIV-Supervisionsgruppen<\/li>\n<li>beziehungsorientierte Haltung<\/li>\n<li>F\u00e4higkeit zu Selbstreflektion<\/li>\n<\/ul>\n<p><strong style=\"font-size: 17px;\">Zielsetzung:<\/strong><\/p>\n<ul>\n<li>Vorbereitung f\u00fcr ICDL-Kurse 202, 203, 204<\/li>\n<li>DIRFloortimepraxis \u00fcben<\/li>\n<li>Selbstreflektion in der Praxis<\/li>\n<li><span style=\"font-size: 17px;\">Waldon Methode<\/span><\/li>\n<li>Austausch mit KollegInnen<\/li>\n<li><span style=\"font-size: 17px;\">Literaturempfehlungen<\/span><\/li>\n<\/ul>\n<p><span style=\"font-size: 17px;\"><\/span><\/p>\n<p>[\/et_pb_blurb][et_pb_button button_url=&#8220;https:\/\/janert.info\/naechste-supervisionsgruppe-fuer-fortgeschrittene\/&#8220; button_text=&#8220;N\u00e4chste Supervision f\u00fcr DIR-Kundige&#8220; button_alignment=&#8220;center&#8220; disabled_on=&#8220;on|on|on&#8220; _builder_version=&#8220;4.16.0&#8243; custom_button=&#8220;on&#8220; button_text_size=&#8220;20px&#8220; button_text_color=&#8220;#35B0B0&#8243; button_bg_color=&#8220;#fbd302&#8243; button_border_color=&#8220;#fbd302&#8243; button_letter_spacing=&#8220;1px&#8220; button_font=&#8220;||||||||&#8220; custom_margin=&#8220;-37px|||||&#8220; custom_padding=&#8220;4px|||||&#8220; disabled=&#8220;on&#8220; global_colors_info=&#8220;{}&#8220;][\/et_pb_button][\/et_pb_column][\/et_pb_row][\/et_pb_section]<\/p>\n<span class=\"et_bloom_bottom_trigger\"><\/span>","protected":false},"excerpt":{"rendered":"<p>&nbsp; &nbsp; Supervisionsgruppen Reflektive Supervision Supervision erm\u00f6glicht Einzelpersonen, Teams und Gruppen ihre berufsbezogenen Haltungen und Vorgehensweisen zu reflektieren, um wirkungsvoll neue M\u00f6glichkeiten des Denkens, Handelns und Lernens zu entwickeln.\u00a0Dieser reflektive Austausch f\u00f6rdert die berufliche Identit\u00e4ts- und Rollenentwicklung, und\u00a0kann sowohl 1-1 als auch in Supervisionsgruppen oder Supervisionstagen stattfinden.\u00a0 Reflektive Supervision ist ein fundamentaler Bestandteil einer beziehungsorientierten [&hellip;]<\/p>\n","protected":false},"author":3,"featured_media":0,"parent":0,"menu_order":0,"comment_status":"closed","ping_status":"closed","template":"","meta":{"_acf_changed":false,"_et_pb_use_builder":"on","_et_pb_old_content":"","_et_gb_content_width":"","footnotes":""},"class_list":["post-4443","page","type-page","status-publish","hentry"],"acf":[],"yoast_head":"<!-- This site is optimized with the Yoast SEO plugin v27.3 - https:\/\/yoast.com\/product\/yoast-seo-wordpress\/ -->\n<title>Supervision - Autistische Kinder<\/title>\n<meta name=\"robots\" content=\"index, follow, max-snippet:-1, max-image-preview:large, max-video-preview:-1\" \/>\n<link rel=\"canonical\" href=\"https:\/\/janert.info\/en\/supervision\/\" \/>\n<meta property=\"og:locale\" content=\"en_US\" \/>\n<meta property=\"og:type\" content=\"article\" \/>\n<meta property=\"og:title\" content=\"Supervision - Autistische Kinder\" \/>\n<meta property=\"og:description\" content=\"&nbsp; &nbsp; Supervisionsgruppen Reflektive Supervision Supervision erm\u00f6glicht Einzelpersonen, Teams und Gruppen ihre berufsbezogenen Haltungen und Vorgehensweisen zu reflektieren, um wirkungsvoll neue M\u00f6glichkeiten des Denkens, Handelns und Lernens zu entwickeln.\u00a0Dieser reflektive Austausch f\u00f6rdert die berufliche Identit\u00e4ts- und Rollenentwicklung, und\u00a0kann sowohl 1-1 als auch in Supervisionsgruppen oder Supervisionstagen stattfinden.\u00a0 Reflektive Supervision ist ein fundamentaler Bestandteil einer beziehungsorientierten [&hellip;]\" \/>\n<meta property=\"og:url\" content=\"https:\/\/janert.info\/en\/supervision\/\" \/>\n<meta property=\"og:site_name\" content=\"Autistische Kinder\" \/>\n<meta property=\"article:modified_time\" content=\"2026-03-18T18:31:18+00:00\" \/>\n<meta property=\"og:image\" content=\"https:\/\/janert.info\/wp-content\/uploads\/2019\/05\/AKBBFavicon-300x300.png\" \/>\n<meta name=\"twitter:card\" content=\"summary_large_image\" \/>\n<meta name=\"twitter:label1\" content=\"Est. reading time\" \/>\n\t<meta name=\"twitter:data1\" content=\"15 minutes\" \/>\n<script type=\"application\/ld+json\" class=\"yoast-schema-graph\">{\"@context\":\"https:\\\/\\\/schema.org\",\"@graph\":[{\"@type\":\"WebPage\",\"@id\":\"https:\\\/\\\/janert.info\\\/supervision\\\/\",\"url\":\"https:\\\/\\\/janert.info\\\/supervision\\\/\",\"name\":\"Supervision - Autistische Kinder\",\"isPartOf\":{\"@id\":\"https:\\\/\\\/janert.info\\\/#website\"},\"primaryImageOfPage\":{\"@id\":\"https:\\\/\\\/janert.info\\\/supervision\\\/#primaryimage\"},\"image\":{\"@id\":\"https:\\\/\\\/janert.info\\\/supervision\\\/#primaryimage\"},\"thumbnailUrl\":\"https:\\\/\\\/janert.info\\\/wp-content\\\/uploads\\\/2019\\\/05\\\/AKBBFavicon-300x300.png\",\"datePublished\":\"2021-02-06T07:34:21+00:00\",\"dateModified\":\"2026-03-18T18:31:18+00:00\",\"breadcrumb\":{\"@id\":\"https:\\\/\\\/janert.info\\\/supervision\\\/#breadcrumb\"},\"inLanguage\":\"en-US\",\"potentialAction\":[{\"@type\":\"ReadAction\",\"target\":[\"https:\\\/\\\/janert.info\\\/supervision\\\/\"]}]},{\"@type\":\"ImageObject\",\"inLanguage\":\"en-US\",\"@id\":\"https:\\\/\\\/janert.info\\\/supervision\\\/#primaryimage\",\"url\":\"https:\\\/\\\/janert.info\\\/wp-content\\\/uploads\\\/2019\\\/05\\\/AKBBFavicon-300x300.png\",\"contentUrl\":\"https:\\\/\\\/janert.info\\\/wp-content\\\/uploads\\\/2019\\\/05\\\/AKBBFavicon-300x300.png\"},{\"@type\":\"BreadcrumbList\",\"@id\":\"https:\\\/\\\/janert.info\\\/supervision\\\/#breadcrumb\",\"itemListElement\":[{\"@type\":\"ListItem\",\"position\":1,\"name\":\"Startseite\",\"item\":\"https:\\\/\\\/janert.info\\\/\"},{\"@type\":\"ListItem\",\"position\":2,\"name\":\"Supervision\"}]},{\"@type\":\"WebSite\",\"@id\":\"https:\\\/\\\/janert.info\\\/#website\",\"url\":\"https:\\\/\\\/janert.info\\\/\",\"name\":\"Autistische Kinder\",\"description\":\"beziehungs-orientiert behandeln\",\"potentialAction\":[{\"@type\":\"SearchAction\",\"target\":{\"@type\":\"EntryPoint\",\"urlTemplate\":\"https:\\\/\\\/janert.info\\\/?s={search_term_string}\"},\"query-input\":{\"@type\":\"PropertyValueSpecification\",\"valueRequired\":true,\"valueName\":\"search_term_string\"}}],\"inLanguage\":\"en-US\"}]}<\/script>\n<!-- \/ Yoast SEO plugin. -->","yoast_head_json":{"title":"Supervision - Autistic children","robots":{"index":"index","follow":"follow","max-snippet":"max-snippet:-1","max-image-preview":"max-image-preview:large","max-video-preview":"max-video-preview:-1"},"canonical":"https:\/\/janert.info\/en\/supervision\/","og_locale":"en_US","og_type":"article","og_title":"Supervision - Autistische Kinder","og_description":"&nbsp; &nbsp; Supervisionsgruppen Reflektive Supervision Supervision erm\u00f6glicht Einzelpersonen, Teams und Gruppen ihre berufsbezogenen Haltungen und Vorgehensweisen zu reflektieren, um wirkungsvoll neue M\u00f6glichkeiten des Denkens, Handelns und Lernens zu entwickeln.\u00a0Dieser reflektive Austausch f\u00f6rdert die berufliche Identit\u00e4ts- und Rollenentwicklung, und\u00a0kann sowohl 1-1 als auch in Supervisionsgruppen oder Supervisionstagen stattfinden.\u00a0 Reflektive Supervision ist ein fundamentaler Bestandteil einer beziehungsorientierten [&hellip;]","og_url":"https:\/\/janert.info\/en\/supervision\/","og_site_name":"Autistische Kinder","article_modified_time":"2026-03-18T18:31:18+00:00","og_image":[{"url":"https:\/\/janert.info\/wp-content\/uploads\/2019\/05\/AKBBFavicon-300x300.png","type":"","width":"","height":""}],"twitter_card":"summary_large_image","twitter_misc":{"Est. reading time":"15 minutes"},"schema":{"@context":"https:\/\/schema.org","@graph":[{"@type":"WebPage","@id":"https:\/\/janert.info\/supervision\/","url":"https:\/\/janert.info\/supervision\/","name":"Supervision - Autistic children","isPartOf":{"@id":"https:\/\/janert.info\/#website"},"primaryImageOfPage":{"@id":"https:\/\/janert.info\/supervision\/#primaryimage"},"image":{"@id":"https:\/\/janert.info\/supervision\/#primaryimage"},"thumbnailUrl":"https:\/\/janert.info\/wp-content\/uploads\/2019\/05\/AKBBFavicon-300x300.png","datePublished":"2021-02-06T07:34:21+00:00","dateModified":"2026-03-18T18:31:18+00:00","breadcrumb":{"@id":"https:\/\/janert.info\/supervision\/#breadcrumb"},"inLanguage":"en-US","potentialAction":[{"@type":"ReadAction","target":["https:\/\/janert.info\/supervision\/"]}]},{"@type":"ImageObject","inLanguage":"en-US","@id":"https:\/\/janert.info\/supervision\/#primaryimage","url":"https:\/\/janert.info\/wp-content\/uploads\/2019\/05\/AKBBFavicon-300x300.png","contentUrl":"https:\/\/janert.info\/wp-content\/uploads\/2019\/05\/AKBBFavicon-300x300.png"},{"@type":"BreadcrumbList","@id":"https:\/\/janert.info\/supervision\/#breadcrumb","itemListElement":[{"@type":"ListItem","position":1,"name":"Startseite","item":"https:\/\/janert.info\/"},{"@type":"ListItem","position":2,"name":"Supervision"}]},{"@type":"WebSite","@id":"https:\/\/janert.info\/#website","url":"https:\/\/janert.info\/","name":"Autistic children","description":"treat relationship-oriented","potentialAction":[{"@type":"SearchAction","target":{"@type":"EntryPoint","urlTemplate":"https:\/\/janert.info\/?s={search_term_string}"},"query-input":{"@type":"PropertyValueSpecification","valueRequired":true,"valueName":"search_term_string"}}],"inLanguage":"en-US"}]}},"_links":{"self":[{"href":"https:\/\/janert.info\/en\/wp-json\/wp\/v2\/pages\/4443","targetHints":{"allow":["GET"]}}],"collection":[{"href":"https:\/\/janert.info\/en\/wp-json\/wp\/v2\/pages"}],"about":[{"href":"https:\/\/janert.info\/en\/wp-json\/wp\/v2\/types\/page"}],"author":[{"embeddable":true,"href":"https:\/\/janert.info\/en\/wp-json\/wp\/v2\/users\/3"}],"replies":[{"embeddable":true,"href":"https:\/\/janert.info\/en\/wp-json\/wp\/v2\/comments?post=4443"}],"version-history":[{"count":9,"href":"https:\/\/janert.info\/en\/wp-json\/wp\/v2\/pages\/4443\/revisions"}],"predecessor-version":[{"id":10360,"href":"https:\/\/janert.info\/en\/wp-json\/wp\/v2\/pages\/4443\/revisions\/10360"}],"wp:attachment":[{"href":"https:\/\/janert.info\/en\/wp-json\/wp\/v2\/media?parent=4443"}],"curies":[{"name":"wp","href":"https:\/\/api.w.org\/{rel}","templated":true}]}}