{"id":6853,"date":"2022-06-10T17:03:16","date_gmt":"2022-06-10T15:03:16","guid":{"rendered":"https:\/\/janert.info\/?page_id=6853"},"modified":"2024-03-21T16:58:32","modified_gmt":"2024-03-21T15:58:32","slug":"autism","status":"publish","type":"page","link":"https:\/\/janert.info\/en\/autismus\/","title":{"rendered":"Autism"},"content":{"rendered":"<p>[et_pb_section fb_built=&#8220;1&#8243; admin_label=&#8220;Hero Section&#8220; _builder_version=&#8220;4.16&#8243; background_color=&#8220;#05896a&#8220; use_background_color_gradient=&#8220;on&#8220; background_color_gradient_direction=&#8220;1deg&#8220; background_color_gradient_stops=&#8220;#0fa3ae 0%|#0fa3ae 100%&#8220; background_color_gradient_start=&#8220;#0fa3ae&#8220; background_color_gradient_end=&#8220;#0fa3ae&#8220; custom_padding=&#8220;0||0||true|false&#8220; animation_style=&#8220;slide&#8220; animation_direction=&#8220;top&#8220; animation_intensity_slide=&#8220;2%&#8220; animation_starting_opacity=&#8220;100%&#8220; box_shadow_style=&#8220;preset7&#8243; box_shadow_horizontal=&#8220;0px&#8220; box_shadow_vertical=&#8220;-120px&#8220; box_shadow_color=&#8220;#ffffff&#8220; locked=&#8220;off&#8220; global_colors_info=&#8220;{}&#8220;][et_pb_row column_structure=&#8220;1_2,1_2&#8243; _builder_version=&#8220;4.16&#8243; background_size=&#8220;initial&#8220; background_position=&#8220;top_left&#8220; background_repeat=&#8220;repeat&#8220; custom_padding=&#8220;40px|0px|0|0px|false|false&#8220; custom_width_px=&#8220;1440px&#8220; global_colors_info=&#8220;{}&#8220;][et_pb_column type=&#8220;1_2&#8243; _builder_version=&#8220;4.16&#8243; custom_padding=&#8220;|||&#8220; global_colors_info=&#8220;{}&#8220; custom_padding__hover=&#8220;|||&#8220;][et_pb_text _builder_version=&#8220;4.16&#8243; text_font=&#8220;||||||||&#8220; header_font=&#8220;Yanone Kaffeesatz||||||||&#8220; header_text_color=&#8220;#fbd302&#8243; header_font_size=&#8220;58px&#8220; header_line_height=&#8220;1.5em&#8220; header_2_font=&#8220;||||||||&#8220; header_3_font=&#8220;||||||||&#8220; header_4_font=&#8220;||||||||&#8220; header_5_font=&#8220;||||||||&#8220; header_6_font=&#8220;||||||||&#8220; background_color=&#8220;rgba(255,255,255,0)&#8220; background_size=&#8220;initial&#8220; background_position=&#8220;top_left&#8220; background_repeat=&#8220;repeat&#8220; custom_margin=&#8220;||6px|&#8220; locked=&#8220;off&#8220; inline_fonts=&#8220;Yanone Kaffeesatz&#8220; global_colors_info=&#8220;{}&#8220;]<\/p>\n<h1>Autismus<\/h1>\n<h1>ist\u00a0keine Krankheit\u00a0<\/h1>\n<p>[\/et_pb_text][et_pb_divider show_divider=&#8220;off&#8220; disabled_on=&#8220;on|on|off&#8220; _builder_version=&#8220;4.16&#8243; max_width=&#8220;80px&#8220; module_alignment=&#8220;left&#8220; height=&#8220;10px&#8220; custom_margin=&#8220;||20px|&#8220; animation_style=&#8220;slide&#8220; animation_direction=&#8220;bottom&#8220; saved_tabs=&#8220;all&#8220; locked=&#8220;off&#8220; global_colors_info=&#8220;{}&#8220;][\/et_pb_divider][et_pb_button button_url=&#8220;https:\/\/open.spotify.com\/episode\/2rpQePSEy7FeFSie8jxVbM?si=E2Ii6H21Qy-kD552wbVR2g&#038;nd=1&#038;dlsi=e5330362bcfe4529&#8243; button_text=&#8220;INTERVIEW mit Sibylle Janert, Nov. 2023: Autistischen Kindern Br\u00fccken bauen&#8220; button_alignment=&#8220;center&#8220; _builder_version=&#8220;4.24.2&#8243; _module_preset=&#8220;default&#8220; custom_button=&#8220;on&#8220; global_colors_info=&#8220;{}&#8220;][\/et_pb_button][\/et_pb_column][et_pb_column type=&#8220;1_2&#8243; _builder_version=&#8220;4.16&#8243; custom_padding=&#8220;|||&#8220; global_colors_info=&#8220;{}&#8220; custom_padding__hover=&#8220;|||&#8220;][et_pb_image src=&#8220;https:\/\/janert.info\/wp-content\/uploads\/2018\/06\/asd_home.jpg&#8220; alt=&#8220;Autistischen Kindern Br\u00fccken bauen&#8220; title_text=&#8220;asd_home&#8220; force_fullwidth=&#8220;on&#8220; _builder_version=&#8220;4.19.5&#8243; custom_margin=&#8220;|||&#8220; custom_padding=&#8220;|||&#8220; animation_style=&#8220;slide&#8220; animation_direction=&#8220;top&#8220; animation_intensity_slide=&#8220;6%&#8220; animation_starting_opacity=&#8220;100%&#8220; box_shadow_style=&#8220;preset1&#8243; box_shadow_vertical=&#8220;10px&#8220; box_shadow_blur=&#8220;100px&#8220; box_shadow_color=&#8220;rgba(0,0,0,0.2)&#8220; always_center_on_mobile=&#8220;off&#8220; global_colors_info=&#8220;{}&#8220;][\/et_pb_image][\/et_pb_column][\/et_pb_row][\/et_pb_section][et_pb_section fb_built=&#8220;1&#8243; _builder_version=&#8220;4.16&#8243; global_colors_info=&#8220;{}&#8220;][et_pb_row column_structure=&#8220;1_2,1_2&#8243; _builder_version=&#8220;4.16.0&#8243; _module_preset=&#8220;default&#8220; global_colors_info=&#8220;{}&#8220;][et_pb_column type=&#8220;1_2&#8243; _builder_version=&#8220;4.16.0&#8243; _module_preset=&#8220;default&#8220; global_colors_info=&#8220;{}&#8220;][et_pb_text _builder_version=&#8220;4.16.0&#8243; text_font=&#8220;||||||||&#8220; text_text_color=&#8220;#000000&#8243; text_line_height=&#8220;1.6em&#8220; custom_padding=&#8220;30px|30px|30px|30px|true|true&#8220; box_shadow_style=&#8220;preset1&#8243; global_colors_info=&#8220;{}&#8220;]<\/p>\n<p><strong><em><img loading=\"lazy\" decoding=\"async\" src=\"https:\/\/janert.info\/wp-content\/uploads\/2019\/05\/AKBBFavicon-300x300.png\" alt=\"Autistischen Kindern Bruecken Bauen\" class=\"wp-image-3051 alignnone size-medium\" width=\"67\" height=\"67\" srcset=\"https:\/\/janert.info\/wp-content\/uploads\/2019\/05\/AKBBFavicon-300x300.png 300w, https:\/\/janert.info\/wp-content\/uploads\/2019\/05\/AKBBFavicon-150x150.png 150w, https:\/\/janert.info\/wp-content\/uploads\/2019\/05\/AKBBFavicon.png 512w\" sizes=\"(max-width: 67px) 100vw, 67px\" \/><\/em>Wir wissen nicht, was Autismus &#8222;ist&#8220;<\/strong><\/p>\n<p>\u201aSeit mehr als 20 Jahren verf\u00fcgen wir \u00fcber gen\u00fcgend Fachwissen \u00fcber &#8222;Autismus&#8220;, um zu wissen, dass das einheitliche Konzept von &#8222;Autismus&#8220; (und sogar das einer (= einer einzelnen) Autismus-&#8222;Spektrum&#8220;-St\u00f6rung) uns in der Forschung oder in der klinischen Praxis nicht weiterbringen wird.&#8216;<\/p>\n<p><strong><span style=\"color: #0fa3ae;\">Prof. Christopher Gillberg<\/span><br \/><\/strong>Gothenburg University of Oxford, Sweden &amp; Institute of Child Health, London, UK<\/p>\n<p>[\/et_pb_text][\/et_pb_column][et_pb_column type=&#8220;1_2&#8243; _builder_version=&#8220;4.16.0&#8243; _module_preset=&#8220;default&#8220; global_colors_info=&#8220;{}&#8220;][et_pb_text _builder_version=&#8220;4.16.0&#8243; text_font=&#8220;||||||||&#8220; text_text_color=&#8220;#000000&#8243; text_line_height=&#8220;1.6em&#8220; custom_padding=&#8220;30px|30px|30px|30px|true|true&#8220; box_shadow_style=&#8220;preset1&#8243; global_colors_info=&#8220;{}&#8220;]<\/p>\n<p><strong><em><img loading=\"lazy\" decoding=\"async\" src=\"https:\/\/janert.info\/wp-content\/uploads\/2019\/05\/AKBBFavicon-300x300.png\" alt=\"Autistischen Kindern Bruecken Bauen\" class=\"wp-image-3051 alignnone size-medium\" width=\"67\" height=\"67\" srcset=\"https:\/\/janert.info\/wp-content\/uploads\/2019\/05\/AKBBFavicon-300x300.png 300w, https:\/\/janert.info\/wp-content\/uploads\/2019\/05\/AKBBFavicon-150x150.png 150w, https:\/\/janert.info\/wp-content\/uploads\/2019\/05\/AKBBFavicon.png 512w\" sizes=\"(max-width: 67px) 100vw, 67px\" \/><\/em>Autismus als solches gibt es nicht<\/strong><\/p>\n<p>\u201aZu lange haben Medizin und Forschung Autismus wie ein einheitliches klar abgrenzbares Syndrom behandelt. &#8230; Ja, es gibt Kinder mit tiefgreifenden Entwicklungsschwierigkeiten, aber sie sind keine einheitliche Gruppe, &#8211; weder im Sinne von Symptomen, noch zugrundeliegender Ursachen.&#8216;<\/p>\n<p><strong><span style=\"color: #0fa3ae;\">Prof. Dorothee Bishop<\/span><br \/><\/strong>University of Oxford, UK<\/p>\n<p>[\/et_pb_text][et_pb_button button_url=&#8220;https:\/\/janert.info\/wp-content\/uploads\/2020\/02\/Floortime-evidenz-basiert-Janert_Forum_Nr100_2020-1.zip&#8220; button_text=&#8220;Floortime is Evidenz-basiert: Artikel von S. Janert&#8220; button_alignment=&#8220;center&#8220; disabled_on=&#8220;off|off|off&#8220; _builder_version=&#8220;4.24.2&#8243; custom_margin=&#8220;||-30px&#8220; custom_padding=&#8220;||10px&#8220; global_colors_info=&#8220;{}&#8220;][\/et_pb_button][\/et_pb_column][\/et_pb_row][et_pb_row _builder_version=&#8220;4.16.0&#8243; _module_preset=&#8220;default&#8220; global_colors_info=&#8220;{}&#8220;][et_pb_column type=&#8220;4_4&#8243; _builder_version=&#8220;4.16.0&#8243; _module_preset=&#8220;default&#8220; global_colors_info=&#8220;{}&#8220;][et_pb_text _builder_version=&#8220;4.16.0&#8243; _module_preset=&#8220;default&#8220; text_text_color=&#8220;#000000&#8243; custom_padding=&#8220;||0px|||&#8220; global_colors_info=&#8220;{}&#8220;]<\/p>\n<h1>Autismus existiert nicht als eine einzelne St\u00f6rung<\/h1>\n<p>Dies zu sagen, ist zur Zeit eigentlich tabu, hat aber in Wirklichkeit die Evidenz von \u00fcber 40 Jahren Forschung auf seiner Seite. <span style=\"font-size: 16px;\">Wenn Sie dieses Gef\u00fchl auch schon immer hatten, sind Sie bei mir und auf meiner Website richtig. <\/span><span style=\"font-size: 16px;\">Wenn Sie sich mehr daf\u00fcr interessieren, Ihr Kind zu verstehen und sich \u00fcber gewisse Verhaltensweisen Ihres Kindes wundern, dann befinden Sie sich in guter Gesellschaft mit einer zunehmenden Anzahl renommierter und besorgter Wissenschaftler, Therapeuten und Eltern. <\/span><span style=\"font-size: 16px;\">Wenn nicht, dann stehen Ihnen im Internet viele andere Webseiten und Informationen zur Verf\u00fcgung.<\/span><\/p>\n<p>Alle Forschungsergebnisse der vergangenen \u00fcber 40 Jahre deuten darauf hin, da\u00df es sich bei dem Begriff Autismus NICHT um eine einzelne oder in irgendeiner Weise einheitliche St\u00f6rung handelt, oder um verschiedene &#8218;Autismen&#8216;, sondern um eine Reihe von Symptomen und ganz unterschiedliche Ursachen, &#8211; so wie auch ein Fieber keine Krankheit an sich ist. Es w\u00e4re so praktisch gewesen, wenn es sich bei Autismus, wie anfangs erhofft, um eine eindeutige physiologische St\u00f6rung handeln w\u00fcrde und man daf\u00fcr ein Medikament, wie eine Art Schmerzmittel, verschreiben und verkaufen k\u00f6nnte, wie manche Forscher gemeint hatten! Aber dem ist nicht so.<\/p>\n<p>Aus biologischer Sicht deutet alles darauf hin, dass es so etwas wie ein eigenst\u00e4ndiges St\u00f6rungsbild von &#8222;Autismus&#8220; nicht gibt. Aus klinischer Sicht zeigt die Erfahrung, dass &#8222;Autismus&#8220; eine Diagnose ist, die potentiell Schaden anrichten kann, auch weil sie uns nicht dabei hilft, dieses Kind, oder diesen Menschen, in seiner individuellen Menschlichkeit zu verstehen. Au\u00dferdem beleuchtet die Diagnose Autismus in keiner Weise, was zu den vorliegenden Verhaltensweisen gef\u00fchrt hat oder was dieses Kind, oder dieser Mensch, braucht, um etwaige Schwierigkeiten \u00fcberwinden und sich bestm\u00f6glich entwickeln zu k\u00f6nnen.<\/p>\n<h4><\/h4>\n<h4>Autistisch-\u00e4hnliche Verhaltensweisen oder Autismus?<\/h4>\n<p>Daher dr\u00e4ngt sich zunehmend die Frage auf, inwieweit Autismus sinnvoll als Diagnose ist? Und deswegen ist mir der Begriff &#8218;autistisch-\u00e4hnliche Verhaltensweisen&#8216; so wichtig: er h\u00e4lt die T\u00fcr noch offen f\u00fcr alle m\u00f6glichen neuen, und vielleicht unerwarteten, Entwicklungschritte. Denn Kinder, und jeder Mensch, ist unglaublich entwicklungsf\u00e4hig!\u00a0<\/p>\n<p>Wenn Eltern sich um ihr Kind und seine Entwicklung Sorgen machen, weil sie manche seiner nonverbalen Kommunikationen und Verhaltensweisen nicht verstehen, dann brauchen sie einf\u00fchlsame Unterst\u00fctzung von jemand, der ihnen zuh\u00f6rt und sich mit ihnen auf den Weg macht, gemeinsam wie Detektive die zugrundeliegenden Ursachen zu verstehen und zu beheben. Da es sich um menschliche Entwicklung handelt, werden die Hauptbestandteile hiervon immer echtes emotionales Interesse, einf\u00fchlsame Beziehungen und Offenheit menschlichen Gef\u00fchlen gegen\u00fcber sein.<\/p>\n<p>Autismus und autistisch sind sinnvoll f\u00fcr eine kleine Gruppe von Kindern und Menschen als Worte und Beschreibung eines bestimmten menschlichen R\u00fcckzugsverhaltens zu sich selbst und in einen, oft pr\u00e4symbolischen, sensorisch-dominierten Geisteszustand als Daseinsweise, der das Bewu\u00dftsein des &#8218;Anderen&#8216; vermeidet und damit die eigene Pers\u00f6nlichkeitsentwicklung einschr\u00e4nkt. Auch diese Art von Daseinsweise und Geisteszustand kann sich \u00e4ndern, wenn wir dem Kind dabei helfen, Interesse f\u00fcr Beziehungen mit &#8218;dem Anderen&#8216; und der Welt um es herum zu entwicklen.<\/p>\n<p>[\/et_pb_text][et_pb_text _builder_version=&#8220;4.16.0&#8243; text_text_color=&#8220;#000000&#8243; global_colors_info=&#8220;{}&#8220;]<\/p>\n<h4><\/h4>\n<p><span style=\"color: #35b0b0; font-family: 'Yanone Kaffeesatz', sans-serif; font-size: 26px; letter-spacing: 1px;\">Entwicklung ist eine Kunst<\/span><\/p>\n<p>Menschliche Entwicklung ist nicht automatisch, sondern beziehungsabh\u00e4ngig von Anfang an. Kinder, und wir alle als Menschen, brauchen die Hilfe einer anderen uns zugewandten Bezugsperson, wenn wir in Sackgassen oder Gewohnheiten geraten sind, die f\u00fcr eine gesunde Entwicklung nicht f\u00f6rderlich sind, um uns anhand der sogenannten Gehirnbr\u00fccke herauszuhelfen, wo wir steckengeblieben sind und uns wieder auf den Pfad in die richtige Richtung zu helfen. Das ist manchmal gar nicht so einfach! Aber der Himmel ist unsere Grenze. Und der hat keine!<\/p>\n<p>[\/et_pb_text][\/et_pb_column][\/et_pb_row][et_pb_row _builder_version=&#8220;4.16.0&#8243; _module_preset=&#8220;default&#8220; global_colors_info=&#8220;{}&#8220;][et_pb_column type=&#8220;4_4&#8243; _builder_version=&#8220;4.16.0&#8243; _module_preset=&#8220;default&#8220; global_colors_info=&#8220;{}&#8220;][et_pb_text _builder_version=&#8220;4.16.0&#8243; text_font=&#8220;||||||||&#8220; text_text_color=&#8220;#000000&#8243; text_line_height=&#8220;1.6em&#8220; custom_padding=&#8220;30px|30px|30px|30px|true|true&#8220; box_shadow_style=&#8220;preset1&#8243; global_colors_info=&#8220;{}&#8220;]<\/p>\n<p><strong><em><img loading=\"lazy\" decoding=\"async\" src=\"https:\/\/janert.info\/wp-content\/uploads\/2019\/05\/AKBBFavicon-300x300.png\" alt=\"Autistischen Kindern Bruecken Bauen\" class=\"wp-image-3051 alignnone size-medium\" width=\"67\" height=\"67\" srcset=\"https:\/\/janert.info\/wp-content\/uploads\/2019\/05\/AKBBFavicon-300x300.png 300w, https:\/\/janert.info\/wp-content\/uploads\/2019\/05\/AKBBFavicon-150x150.png 150w, https:\/\/janert.info\/wp-content\/uploads\/2019\/05\/AKBBFavicon.png 512w\" sizes=\"(max-width: 67px) 100vw, 67px\" \/><\/em>Autismus neu \u00fcberdenken<\/strong><\/p>\n<p>\u201aDie Medien, wissenschaftliche Forschung und das DSM sprechen alle\u00a0 von &#8218;Autismus&#8216; als ob es sich um eine einheitliche St\u00f6rung, oder eine einheitliche St\u00f6rung innerhalb eines Spektrums, handeln w\u00fcrde. Aber Autismus unterscheidet sich auf unterschiedliche Weise von jeder anderen einheitlichen St\u00f6rung. Es l\u00e4\u00dft sich kein einheitlicher Gehirndefekt finden, der es verursacht, kein einheitliches wirksames Medikament und, trotz immenser Forschungsanstrengungen hat sich bisher keine einheitliche Ursache oder Therapiemethode finden lassen. &#8230; Autismus existiert nicht als EINE St\u00f6rung. Das Zusammenkommen von Symptomen existiert, aber diese Symptome sind, wie bei Fieber, keine Krankheit an sich, sondern ein Ergebnis verschiedener anderen Ursachen. Nur wenn wir aufh\u00f6ren von Autismus als einer einheitlichen St\u00f6rung zu sprechen wird die Forschung jemals Fortschritte machen k\u00f6nnen, um zu verstehen, warum diese Symptome vorkommen und was ihre verschiedenen und unterschiedlichen Urschen sein m\u00f6gen.&#8216;<\/p>\n<p><strong><span style=\"color: #0fa3ae;\">Prof. Lynn Waterhouse<\/span><br \/><\/strong>Child Behaviour Study, College of New Jersey, Autorin von &#8218;Rethinking Autism&#8216;<\/p>\n<p>[\/et_pb_text][\/et_pb_column][\/et_pb_row][et_pb_row _builder_version=&#8220;4.16.0&#8243; _module_preset=&#8220;default&#8220; global_colors_info=&#8220;{}&#8220;][et_pb_column type=&#8220;4_4&#8243; _builder_version=&#8220;4.16.0&#8243; _module_preset=&#8220;default&#8220; global_colors_info=&#8220;{}&#8220;][et_pb_text _builder_version=&#8220;4.16.0&#8243; _module_preset=&#8220;default&#8220; text_text_color=&#8220;#000000&#8243; global_colors_info=&#8220;{}&#8220;]<\/p>\n<h4>Autismus als Diagnose ist nicht evidenzbasiert<\/h4>\n<p>In den letzten ca 40 Jahren ist eine riesige Autismusindustrie entstanden mit Milliardengeldern f\u00fcr Forschungsprojekte, unz\u00e4hlige neue Test- und Therapiemethoden, Institute, Experten, Stellenangebote, B\u00fccher, Kurse, &#8211; allerdings ohne da\u00df in irgendeiner Weise klar definiert w\u00e4re, worum es sich genau handelt. Auf die offensichtliche Frage, welche Evidenzbasis den Schluss erlaubt, dass Autismus eine nat\u00fcrliche Kategorie darstellen w\u00fcrde, die sich von anderen nat\u00fcrlichen Kategorien, sei es St\u00f6rung oder Unterschied, klar unterscheiden l\u00e4sst, findet sich nirgends eine Antwort. Denn die Annahme, auf der sie basiert, hat kein Fundament und ist nicht evidenzbasiert: das ist das einzige, das was Autismus betrifft, wirklich evidenzbasiert ist. Wissenschaft als Glaubenssystem, nicht als evidenzbasiertes Einsch\u00e4tzungssystem.<\/p>\n<p>Tats\u00e4chlich spiegeln professionelle Konstrukte (wie die von Psychiatern, Psychologen und anderen verwendeten Diagnosen) aber nicht Fortschritte in &#8222;wissenschaftlichen&#8220; Erkenntnissen wider, sondern sehr einflussreiche kulturelle und politische \u00dcberzeugungen und pathologisierende Praktiken, die in ihrer unpers\u00f6nlichen Formalit\u00e4t f\u00fcr die betroffenen Menschen oft negative, unbeabsichtigte Folgen haben.<\/p>\n<p>M\u00f6glicherweise ist der Begriff &#8222;Autismus&#8220; selbst das Hauptproblem f\u00fcr das wiederholte Scheitern, herauszufinden, was Autismus eigentlich wirklich &#8222;ist&#8220; (auf biologischer und\/oder psychologischer Ebene) und wie er am besten behandelt werden kann.<\/p>\n<h4><\/h4>\n<h4><\/h4>\n<h4>Ist Autismus, was Autismustests messen?<\/h4>\n<p>Viele Eltern machen sich heutzutage von fr\u00fch an (oft schon vor der Geburt ihres Kindes) gro\u00dfe Sorgen, da\u00df ihr Kind &#8218;Autismus haben&#8216; oder &#8218;kriegen&#8216; k\u00f6nnte, und halten angstvoll Auschau nach jeglichen, ihrer Auffassung nach autistischen Symptomen. Und damit r\u00fcckt das eigentliche Kind, und was es von seinen Eltern und Bezugspersonen f\u00fcr seine emotional-mentale Entwicklung braucht, h\u00e4ufig bis zur emotionalen Unsichtbarkeit in den Hintergrund. Hierdurch best\u00e4tigen sich oft die Bef\u00fcrchtungen der Eltern und sie machen sich auf, um Hilfe zu suchen, und um ihre Bef\u00fcrchtungen zu entkr\u00e4ften. Oder eine Autismusdiagnose zu bekommen.<\/p>\n<p>Wenn sie sich aber jetzt auf die sogenannte &#8218;Autismusabkl\u00e4rung&#8216; einlassen, werden sie sich unweigerlich in einem Tunnel langwieriger Wartezeiten, Tests und Interviews mit Experten wiederfinden, aus dem kein Entkommen ist und ihre wahren Sorgen und Gef\u00fchle meist ungeh\u00f6rt, unverstanden und unbeantwortet bleiben. H\u00e4ufig lautet das endg\u00fcltige Urteil &#8218;Autismus&#8216; oder ASD, oft mit zus\u00e4tzlichen Adjektiven, die das Gewicht der Diagnose erleichtern sollen. Bei verschiedenen Gutachtern wird die Diagnose unterschiedlich ausfallen. Manche Eltern, die eine Autismusdiagnose anstreben, suchen immer wieder neue Experten auf, bis sie jemanden finden, der sagt, wie mir eine Mutter erz\u00e4hlte: &#8218;Wenn Sie unbedingt wollen, kann ich Ihnen eine Autismusdiagnose ausstelle, auch wenn ich nicht der Meinung bin, da\u00df Ihr Kind Autismus hat oder autistisch ist.&#8216;<\/p>\n<p>Die Einf\u00fchrung des Begriffs &#8222;Autismus&#8220; als bevorzugtes Etikett erm\u00f6glicht es, das urpr\u00fcngliche Problem von einem menschlichen Problem, das zum gro\u00dfen Teil durch das sozio-politische System, in dem die Menschen leben, verursacht wird, in ein technisches Problem zu verwandeln, das von Experten in etwas verwandelt wird, das man haben, kriegen, kaufen und verkaufen kann.<\/p>\n<p>[\/et_pb_text][\/et_pb_column][\/et_pb_row][et_pb_row _builder_version=&#8220;4.16.0&#8243; _module_preset=&#8220;default&#8220; global_colors_info=&#8220;{}&#8220;][et_pb_column type=&#8220;4_4&#8243; _builder_version=&#8220;4.16.0&#8243; _module_preset=&#8220;default&#8220; global_colors_info=&#8220;{}&#8220;][et_pb_text _builder_version=&#8220;4.16.0&#8243; _module_preset=&#8220;default&#8220; text_text_color=&#8220;#000000&#8243; global_colors_info=&#8220;{}&#8220;][\/et_pb_text][\/et_pb_column][\/et_pb_row][et_pb_row disabled_on=&#8220;on|on|on&#8220; _builder_version=&#8220;4.16.0&#8243; disabled=&#8220;on&#8220; global_colors_info=&#8220;{}&#8220;][et_pb_column type=&#8220;4_4&#8243; _builder_version=&#8220;4.16&#8243; global_colors_info=&#8220;{}&#8220;][et_pb_text _builder_version=&#8220;4.16.0&#8243; _module_preset=&#8220;default&#8220; global_colors_info=&#8220;{}&#8220;]<\/p>\n<p>\u00a0<span style=\"font-size: 16px;\">\u00a0<\/span><\/p>\n<p>Alles deutet darauf hin, dass erfolgreiche Arbeit im Bereich der psychischen Gesundheit zutiefst beziehungs- und kontextabh\u00e4ngig ist, und hier sollte ein &#8222;rationaler&#8220; Ansatz f\u00fcr die Ausbildung und die Erbringung von Dienstleistungen seine Bem\u00fchungen konzentrieren.<\/p>\n<p>&nbsp;<\/p>\n<p>Mit der Zeit werden die Sprache und die Konzepte, die mit dieser Ideologie verbunden sind (dass ASD eine Tatsache der Natur ist), Teil von Institutionen, B\u00fcchern, Schulungen und nat\u00fcrlich unseres breiteren kulturellen &#8222;gesunden Menschenverstands&#8220;.<\/p>\n<p>&#8211; denken wir \u00fcber Konzepte wie Autismus so, als w\u00e4ren sie bereits etablierte wissenschaftliche Fakten<\/p>\n<p>&#8211; ein Markenname, der auf dem Markt Anklang findet und daher anf\u00e4llig ist f\u00fcr das, was ich den &#8222;Gummiband-Effekt&#8220; nenne, bei dem die Grenzen fast endlos gedehnt werden k\u00f6nnen.<\/p>\n<p>&nbsp;<\/p>\n<p>Jeder Mensch ist in sich ein Wunder<\/p>\n<p>\u00a0&#8230; braucht das zweite Nervensystem eines Begleiters<\/p>\n<p>&nbsp;<\/p>\n<p>[\/et_pb_text][\/et_pb_column][\/et_pb_row][\/et_pb_section]<\/p>\n<span class=\"et_bloom_bottom_trigger\"><\/span>","protected":false},"excerpt":{"rendered":"<p>Autismus ist\u00a0keine Krankheit\u00a0Wir wissen nicht, was Autismus &#8222;ist&#8220; \u201aSeit mehr als 20 Jahren verf\u00fcgen wir \u00fcber gen\u00fcgend Fachwissen \u00fcber &#8222;Autismus&#8220;, um zu wissen, dass das einheitliche Konzept von &#8222;Autismus&#8220; (und sogar das einer (= einer einzelnen) Autismus-&#8222;Spektrum&#8220;-St\u00f6rung) uns in der Forschung oder in der klinischen Praxis nicht weiterbringen wird.&#8216; Prof. Christopher GillbergGothenburg University of Oxford, [&hellip;]<\/p>\n","protected":false},"author":3,"featured_media":0,"parent":0,"menu_order":0,"comment_status":"closed","ping_status":"closed","template":"","meta":{"_acf_changed":false,"_et_pb_use_builder":"on","_et_pb_old_content":"","_et_gb_content_width":"","footnotes":""},"class_list":["post-6853","page","type-page","status-publish","hentry"],"acf":[],"yoast_head":"<!-- This site is optimized with the Yoast SEO plugin v27.3 - https:\/\/yoast.com\/product\/yoast-seo-wordpress\/ -->\n<title>Autismus - Autistische Kinder<\/title>\n<meta name=\"robots\" content=\"index, follow, max-snippet:-1, max-image-preview:large, max-video-preview:-1\" \/>\n<link rel=\"canonical\" href=\"https:\/\/janert.info\/en\/autism\/\" \/>\n<meta property=\"og:locale\" content=\"en_US\" \/>\n<meta property=\"og:type\" content=\"article\" \/>\n<meta property=\"og:title\" content=\"Autismus - Autistische Kinder\" \/>\n<meta property=\"og:description\" content=\"Autismus ist\u00a0keine Krankheit\u00a0Wir wissen nicht, was Autismus &quot;ist&quot; \u201aSeit mehr als 20 Jahren verf\u00fcgen wir \u00fcber gen\u00fcgend Fachwissen \u00fcber &quot;Autismus&quot;, um zu wissen, dass das einheitliche Konzept von &quot;Autismus&quot; (und sogar das einer (= einer einzelnen) Autismus-&quot;Spektrum&quot;-St\u00f6rung) uns in der Forschung oder in der klinischen Praxis nicht weiterbringen wird.&#039; Prof. Christopher GillbergGothenburg University of Oxford, [&hellip;]\" \/>\n<meta property=\"og:url\" content=\"https:\/\/janert.info\/en\/autism\/\" \/>\n<meta property=\"og:site_name\" content=\"Autistische Kinder\" \/>\n<meta property=\"article:modified_time\" content=\"2024-03-21T15:58:32+00:00\" \/>\n<meta property=\"og:image\" content=\"https:\/\/janert.info\/wp-content\/uploads\/2019\/05\/AKBBFavicon-300x300.png\" \/>\n<meta name=\"twitter:card\" content=\"summary_large_image\" \/>\n<meta name=\"twitter:label1\" content=\"Est. reading time\" \/>\n\t<meta name=\"twitter:data1\" content=\"9 minutes\" \/>\n<script type=\"application\/ld+json\" class=\"yoast-schema-graph\">{\"@context\":\"https:\\\/\\\/schema.org\",\"@graph\":[{\"@type\":\"WebPage\",\"@id\":\"https:\\\/\\\/janert.info\\\/autismus\\\/\",\"url\":\"https:\\\/\\\/janert.info\\\/autismus\\\/\",\"name\":\"Autismus - Autistische Kinder\",\"isPartOf\":{\"@id\":\"https:\\\/\\\/janert.info\\\/#website\"},\"primaryImageOfPage\":{\"@id\":\"https:\\\/\\\/janert.info\\\/autismus\\\/#primaryimage\"},\"image\":{\"@id\":\"https:\\\/\\\/janert.info\\\/autismus\\\/#primaryimage\"},\"thumbnailUrl\":\"https:\\\/\\\/janert.info\\\/wp-content\\\/uploads\\\/2019\\\/05\\\/AKBBFavicon-300x300.png\",\"datePublished\":\"2022-06-10T15:03:16+00:00\",\"dateModified\":\"2024-03-21T15:58:32+00:00\",\"breadcrumb\":{\"@id\":\"https:\\\/\\\/janert.info\\\/autismus\\\/#breadcrumb\"},\"inLanguage\":\"en-US\",\"potentialAction\":[{\"@type\":\"ReadAction\",\"target\":[\"https:\\\/\\\/janert.info\\\/autismus\\\/\"]}]},{\"@type\":\"ImageObject\",\"inLanguage\":\"en-US\",\"@id\":\"https:\\\/\\\/janert.info\\\/autismus\\\/#primaryimage\",\"url\":\"https:\\\/\\\/janert.info\\\/wp-content\\\/uploads\\\/2019\\\/05\\\/AKBBFavicon-300x300.png\",\"contentUrl\":\"https:\\\/\\\/janert.info\\\/wp-content\\\/uploads\\\/2019\\\/05\\\/AKBBFavicon-300x300.png\"},{\"@type\":\"BreadcrumbList\",\"@id\":\"https:\\\/\\\/janert.info\\\/autismus\\\/#breadcrumb\",\"itemListElement\":[{\"@type\":\"ListItem\",\"position\":1,\"name\":\"Startseite\",\"item\":\"https:\\\/\\\/janert.info\\\/\"},{\"@type\":\"ListItem\",\"position\":2,\"name\":\"Autismus\"}]},{\"@type\":\"WebSite\",\"@id\":\"https:\\\/\\\/janert.info\\\/#website\",\"url\":\"https:\\\/\\\/janert.info\\\/\",\"name\":\"Autistische Kinder\",\"description\":\"beziehungs-orientiert behandeln\",\"potentialAction\":[{\"@type\":\"SearchAction\",\"target\":{\"@type\":\"EntryPoint\",\"urlTemplate\":\"https:\\\/\\\/janert.info\\\/?s={search_term_string}\"},\"query-input\":{\"@type\":\"PropertyValueSpecification\",\"valueRequired\":true,\"valueName\":\"search_term_string\"}}],\"inLanguage\":\"en-US\"}]}<\/script>\n<!-- \/ Yoast SEO plugin. -->","yoast_head_json":{"title":"Autism - Autistic children","robots":{"index":"index","follow":"follow","max-snippet":"max-snippet:-1","max-image-preview":"max-image-preview:large","max-video-preview":"max-video-preview:-1"},"canonical":"https:\/\/janert.info\/en\/autism\/","og_locale":"en_US","og_type":"article","og_title":"Autismus - Autistische Kinder","og_description":"Autismus ist\u00a0keine Krankheit\u00a0Wir wissen nicht, was Autismus \"ist\" \u201aSeit mehr als 20 Jahren verf\u00fcgen wir \u00fcber gen\u00fcgend Fachwissen \u00fcber \"Autismus\", um zu wissen, dass das einheitliche Konzept von \"Autismus\" (und sogar das einer (= einer einzelnen) Autismus-\"Spektrum\"-St\u00f6rung) uns in der Forschung oder in der klinischen Praxis nicht weiterbringen wird.' Prof. Christopher GillbergGothenburg University of Oxford, [&hellip;]","og_url":"https:\/\/janert.info\/en\/autism\/","og_site_name":"Autistische Kinder","article_modified_time":"2024-03-21T15:58:32+00:00","og_image":[{"url":"https:\/\/janert.info\/wp-content\/uploads\/2019\/05\/AKBBFavicon-300x300.png","type":"","width":"","height":""}],"twitter_card":"summary_large_image","twitter_misc":{"Est. reading time":"9 minutes"},"schema":{"@context":"https:\/\/schema.org","@graph":[{"@type":"WebPage","@id":"https:\/\/janert.info\/autismus\/","url":"https:\/\/janert.info\/autismus\/","name":"Autism - Autistic children","isPartOf":{"@id":"https:\/\/janert.info\/#website"},"primaryImageOfPage":{"@id":"https:\/\/janert.info\/autismus\/#primaryimage"},"image":{"@id":"https:\/\/janert.info\/autismus\/#primaryimage"},"thumbnailUrl":"https:\/\/janert.info\/wp-content\/uploads\/2019\/05\/AKBBFavicon-300x300.png","datePublished":"2022-06-10T15:03:16+00:00","dateModified":"2024-03-21T15:58:32+00:00","breadcrumb":{"@id":"https:\/\/janert.info\/autismus\/#breadcrumb"},"inLanguage":"en-US","potentialAction":[{"@type":"ReadAction","target":["https:\/\/janert.info\/autismus\/"]}]},{"@type":"ImageObject","inLanguage":"en-US","@id":"https:\/\/janert.info\/autismus\/#primaryimage","url":"https:\/\/janert.info\/wp-content\/uploads\/2019\/05\/AKBBFavicon-300x300.png","contentUrl":"https:\/\/janert.info\/wp-content\/uploads\/2019\/05\/AKBBFavicon-300x300.png"},{"@type":"BreadcrumbList","@id":"https:\/\/janert.info\/autismus\/#breadcrumb","itemListElement":[{"@type":"ListItem","position":1,"name":"Startseite","item":"https:\/\/janert.info\/"},{"@type":"ListItem","position":2,"name":"Autismus"}]},{"@type":"WebSite","@id":"https:\/\/janert.info\/#website","url":"https:\/\/janert.info\/","name":"Autistic children","description":"treat relationship-oriented","potentialAction":[{"@type":"SearchAction","target":{"@type":"EntryPoint","urlTemplate":"https:\/\/janert.info\/?s={search_term_string}"},"query-input":{"@type":"PropertyValueSpecification","valueRequired":true,"valueName":"search_term_string"}}],"inLanguage":"en-US"}]}},"_links":{"self":[{"href":"https:\/\/janert.info\/en\/wp-json\/wp\/v2\/pages\/6853","targetHints":{"allow":["GET"]}}],"collection":[{"href":"https:\/\/janert.info\/en\/wp-json\/wp\/v2\/pages"}],"about":[{"href":"https:\/\/janert.info\/en\/wp-json\/wp\/v2\/types\/page"}],"author":[{"embeddable":true,"href":"https:\/\/janert.info\/en\/wp-json\/wp\/v2\/users\/3"}],"replies":[{"embeddable":true,"href":"https:\/\/janert.info\/en\/wp-json\/wp\/v2\/comments?post=6853"}],"version-history":[{"count":10,"href":"https:\/\/janert.info\/en\/wp-json\/wp\/v2\/pages\/6853\/revisions"}],"predecessor-version":[{"id":9018,"href":"https:\/\/janert.info\/en\/wp-json\/wp\/v2\/pages\/6853\/revisions\/9018"}],"wp:attachment":[{"href":"https:\/\/janert.info\/en\/wp-json\/wp\/v2\/media?parent=6853"}],"curies":[{"name":"wp","href":"https:\/\/api.w.org\/{rel}","templated":true}]}}